{"id":1179,"date":"2019-01-30T18:43:37","date_gmt":"2019-01-30T20:43:37","guid":{"rendered":"http:\/\/www.motricidades.org\/spqmh\/?page_id=1179"},"modified":"2023-03-05T18:58:39","modified_gmt":"2023-03-05T21:58:39","slug":"viii-cpqmh-2019","status":"publish","type":"page","link":"https:\/\/www.motricidades.org\/spqmh\/coloquio\/viii-cpqmh-2019\/","title":{"rendered":"VIII CPQMH &#8211; 2019"},"content":{"rendered":"<h2 style=\"text-align: center;\"><span style=\"font-size: 20px;\">VIII Col\u00f3quio de Pesquisa Qualitativa em Motricidade Humana:<br>Motricidade e Interculturalidade<\/span><\/h2>\n<p>O&nbsp;<strong>Col\u00f3quio de Pesquisa Qualitativa em Motricidade Humana<\/strong> (CPQMH) \u00e9 um evento cient\u00edfico internacional e itinerante organizado desde 2003 pela \u201cSociedade de Pesquisa Qualitativa em Motricidade Humana\u201d (SPQMH). No ano 2019, entre os dias 9 e 11 de dezembro, a oitava edi\u00e7\u00e3o do CPQMH foi realizada pela primeira vez no continente africano, junto a Universidade Pedag\u00f3gica, campus de Maputo, capital de Mo\u00e7ambique.<\/p>\n<p>O CPQMH tem como foco o di\u00e1logo de temas pertinentes \u00e0 Ci\u00eancia da Motricidade Humana (idealizada por Manuel S\u00e9rgio com base, especialmente, nas obras de Maurice Merleau-Ponty), fomentando a socializa\u00e7\u00e3o dos resultados de estudos, pesquisas e relatos de experi\u00eancia realizados por acad\u00eamicos e acad\u00eamicas da gradua\u00e7\u00e3o, p\u00f3s-gradua\u00e7\u00e3o e profissionais de diversas \u00e1reas que t\u00eam suas produ\u00e7\u00f5es pautadas na abordagem metodol\u00f3gica qualitativa.<\/p>\n<p><strong>Prop\u00f3sitos<\/strong><\/p>\n<p>&#8211;&nbsp; Criar tempos e espa\u00e7os mais abrangentes visando a constitui\u00e7\u00e3o de um&nbsp;<em>locus<\/em>&nbsp;para que se d\u00ea continuidade aos estudos da Motricidade Humana que se desenvolvem de forma rigorosa e sistem\u00e1tica no interior das institui\u00e7\u00f5es;<\/p>\n<p>&#8211; Apresentar trabalhos realizados por pesquisadores de diversas institui\u00e7\u00f5es, abrindo possibilidade para o questionamento e reflex\u00e3o das produ\u00e7\u00f5es apresentadas;<\/p>\n<p>&#8211; Contribuir para o aprofundamento de um di\u00e1logo prof\u00edcuo, cr\u00edtico, estimulador e gerador de proposi\u00e7\u00f5es aos\/as profissionais relacionados\/as a Motricidade Humana, Educa\u00e7\u00e3o F\u00edsica, Educa\u00e7\u00e3o, Lazer, Artes e \u00e1reas afins;<\/p>\n<p>&#8211; Ressaltar, em todos os eixos do \u201cVIII Col\u00f3quio de Pesquisa Qualitativa em Motricidade Humana: Motricidade e Interculturalidade\u201d, tem\u00e1tica central do evento deste bi\u00eanio.<\/p>\n<p>Deste modo, visa ressaltar, as sinergias entre \u201cMotricidade\u201d e \u201cInterculturalidade\u201d, sendo Motricidade compreendida conforme S\u00e9rgio (1994)*, bem como Lage, Gon\u00e7alves Junior, Nagamine e Carmo (2018)**, como a\u00e7\u00e3o intencional de transcend\u00eancia, desde o ser que se dirige ao mundo, \u00e0s coisas e aos demais seres humanos, que se realiza e se compreende&nbsp;<em>na<\/em>&nbsp;e&nbsp;<em>desde<\/em>&nbsp;a experi\u00eancia compartilhada&nbsp;<em>sendo-com-outrem-ao-mundo<\/em>. E a Interculturalidade entendida de acordo com Santos e Meneses (2009)***, que para al\u00e9m de mera aceita\u00e7\u00e3o ou toler\u00e2ncia de uma cultura por outra, que se coloca como dominante, \u201c[&#8230;] pressup\u00f5e o reconhecimento rec\u00edproco e a disponibilidade para enriquecimento m\u00fatuo entre v\u00e1rias culturas que partilham de um dado espa\u00e7o cultural\u201d (p. 9).<\/p>\n<p>E assim aprofundar a discuss\u00e3o em torno dos estudos de Motricidade Humana, em di\u00e1logo cr\u00edtico e igualit\u00e1rio com outras epistemologias e outros projetos coletivos est\u00e9ticos que primam pelo&nbsp;<em>con<\/em>-vivio, pela&nbsp;<em>co<\/em>-exist\u00eancia, pela&nbsp;<em>co<\/em>-responsabilidade, pela transforma\u00e7\u00e3o social.<\/p>\n<p><span style=\"font-size: 14px;\">*S\u00c9RGIO, Manuel.&nbsp;<strong>Motricidade Humana<\/strong>: contribui\u00e7\u00f5es para um paradigma emergente. Lisboa: Instituto Piaget, 1994.<\/span><br><span style=\"font-size: 14px;\">**LAGE, V.; GON\u00c7ALVES JUNIOR, L.; NAGAMINE, K. K.; CARMO, C. S.&nbsp;<strong>Jogos de lutas<\/strong>: perspectiva da motricidade humana. S\u00e3o Carlos: EdUFSCar, 2018.<\/span><br><span style=\"font-size: 14px;\">***SANTOS, B. S.; MENESES, M. P. Introdu\u00e7\u00e3o. In: SANTOS, B. S.; MENESES, M. P. (Org.).&nbsp;<strong>Epistemologias do sul<\/strong>. Coimbra: Edi\u00e7\u00f5es Almedina, 2009. p. 9-19.<\/span><\/p>\n<p><img decoding=\"async\" src=\"https:\/\/www.motricidades.org\/spqmh\/wp-content\/uploads\/Logo-VIII-CPQMH-Paulo.jpg\" alt=\"\">Desenho criado por&nbsp;<strong>Paulo Antonini<\/strong>.<br><span style=\"font-size: 14px;\">&#8220;A composi\u00e7\u00e3o \u00e9 uma reinterpreta\u00e7\u00e3o de Funtunfunefu denkyemfunefu, s\u00edmbolo adinkra formado por dois crocodilos com um est\u00f4mago comum, que comunica a ideia de irmandade, utilizado tamb\u00e9m para representar a democracia e a unidade na diversidade. Para a pintura foram utilizadas as cores da bandeira de Mo\u00e7ambique. Em di\u00e1logo com o Brasil, al\u00e9m do verde e amarelo, temos a imagem do crocodilo, r\u00e9ptil da mesma fam\u00edlia que nossos jacar\u00e9s. Em alus\u00e3o \u00e0 Am\u00e9rica Latina, os tra\u00e7os que comp\u00f5em a imagem remetem ao grafismo utilizado por grupos pr\u00e9-colombianos&#8221;.<\/span><\/p>\n<p><strong>REALIZA\u00c7\u00c3O<\/strong><\/p>\n<p>SPQMH; UP; UFSCar; C\u00e1tedra Joel Martins.<\/p>\n<p>Para acessar os&nbsp;<strong>Anais do VIII CPQMH<\/strong>, clique&nbsp;<a href=\"http:\/\/motricidades.org\/conference\/index.php\/cpqmh\/issue\/view\/8cpqmh\">aqui<\/a>.<\/p>\n<p>Para acessar as&nbsp;<strong>Fotos do VIII CPQMH<\/strong>, clique&nbsp;<a href=\"https:\/\/www.motricidades.org\/spqmh\/coloquio\/viii-cpqmh-2019\/fotos-viii-cpqmh\/\">aqui<\/a>.<\/p>\n\n","protected":false},"excerpt":{"rendered":"<p>VIII Col\u00f3quio de Pesquisa Qualitativa em Motricidade Humana:Motricidade e Interculturalidade O&nbsp;Col\u00f3quio de Pesquisa Qualitativa em Motricidade Humana (CPQMH) \u00e9 um evento cient\u00edfico internacional e itinerante organizado desde 2003 pela \u201cSociedade de Pesquisa Qualitativa em Motricidade Humana\u201d (SPQMH). No ano 2019, entre os dias 9 e 11 de dezembro, a oitava edi\u00e7\u00e3o do CPQMH foi realizada&#8230;<\/p>\n","protected":false},"author":1,"featured_media":0,"parent":143,"menu_order":2,"comment_status":"closed","ping_status":"closed","template":"","meta":{"footnotes":""},"class_list":["post-1179","page","type-page","status-publish","hentry"],"yoast_head":"<!-- This site is optimized with the Yoast SEO plugin v27.4 - https:\/\/yoast.com\/product\/yoast-seo-wordpress\/ -->\n<title>VIII CPQMH - 2019 -<\/title>\n<meta name=\"robots\" content=\"index, follow, max-snippet:-1, max-image-preview:large, max-video-preview:-1\" \/>\n<link rel=\"canonical\" href=\"https:\/\/www.motricidades.org\/spqmh\/coloquio\/viii-cpqmh-2019\/\" \/>\n<meta property=\"og:locale\" content=\"pt_BR\" \/>\n<meta property=\"og:type\" content=\"article\" \/>\n<meta property=\"og:title\" content=\"VIII CPQMH - 2019 -\" \/>\n<meta property=\"og:description\" content=\"VIII Col\u00f3quio de Pesquisa Qualitativa em Motricidade Humana:Motricidade e Interculturalidade O&nbsp;Col\u00f3quio de Pesquisa Qualitativa em Motricidade Humana (CPQMH) \u00e9 um evento cient\u00edfico internacional e itinerante organizado desde 2003 pela \u201cSociedade de Pesquisa Qualitativa em Motricidade Humana\u201d (SPQMH). No ano 2019, entre os dias 9 e 11 de dezembro, a oitava edi\u00e7\u00e3o do CPQMH foi realizada...\" \/>\n<meta property=\"og:url\" content=\"https:\/\/www.motricidades.org\/spqmh\/coloquio\/viii-cpqmh-2019\/\" \/>\n<meta property=\"article:modified_time\" content=\"2023-03-05T21:58:39+00:00\" \/>\n<meta property=\"og:image\" content=\"http:\/\/www.motricidades.org\/spqmh\/wp-content\/uploads\/Logo-VIII-CPQMH-Paulo.jpg\" \/>\n<meta name=\"twitter:card\" content=\"summary_large_image\" \/>\n<meta name=\"twitter:label1\" content=\"Est. tempo de leitura\" \/>\n\t<meta name=\"twitter:data1\" content=\"4 minutos\" \/>\n<script type=\"application\/ld+json\" class=\"yoast-schema-graph\">{\"@context\":\"https:\\\/\\\/schema.org\",\"@graph\":[{\"@type\":\"WebPage\",\"@id\":\"https:\\\/\\\/www.motricidades.org\\\/spqmh\\\/coloquio\\\/viii-cpqmh-2019\\\/\",\"url\":\"https:\\\/\\\/www.motricidades.org\\\/spqmh\\\/coloquio\\\/viii-cpqmh-2019\\\/\",\"name\":\"VIII CPQMH - 2019 -\",\"isPartOf\":{\"@id\":\"https:\\\/\\\/www.motricidades.org\\\/spqmh\\\/#website\"},\"primaryImageOfPage\":{\"@id\":\"https:\\\/\\\/www.motricidades.org\\\/spqmh\\\/coloquio\\\/viii-cpqmh-2019\\\/#primaryimage\"},\"image\":{\"@id\":\"https:\\\/\\\/www.motricidades.org\\\/spqmh\\\/coloquio\\\/viii-cpqmh-2019\\\/#primaryimage\"},\"thumbnailUrl\":\"http:\\\/\\\/www.motricidades.org\\\/spqmh\\\/wp-content\\\/uploads\\\/Logo-VIII-CPQMH-Paulo.jpg\",\"datePublished\":\"2019-01-30T20:43:37+00:00\",\"dateModified\":\"2023-03-05T21:58:39+00:00\",\"breadcrumb\":{\"@id\":\"https:\\\/\\\/www.motricidades.org\\\/spqmh\\\/coloquio\\\/viii-cpqmh-2019\\\/#breadcrumb\"},\"inLanguage\":\"pt-BR\",\"potentialAction\":[{\"@type\":\"ReadAction\",\"target\":[\"https:\\\/\\\/www.motricidades.org\\\/spqmh\\\/coloquio\\\/viii-cpqmh-2019\\\/\"]}]},{\"@type\":\"ImageObject\",\"inLanguage\":\"pt-BR\",\"@id\":\"https:\\\/\\\/www.motricidades.org\\\/spqmh\\\/coloquio\\\/viii-cpqmh-2019\\\/#primaryimage\",\"url\":\"http:\\\/\\\/www.motricidades.org\\\/spqmh\\\/wp-content\\\/uploads\\\/Logo-VIII-CPQMH-Paulo.jpg\",\"contentUrl\":\"http:\\\/\\\/www.motricidades.org\\\/spqmh\\\/wp-content\\\/uploads\\\/Logo-VIII-CPQMH-Paulo.jpg\"},{\"@type\":\"BreadcrumbList\",\"@id\":\"https:\\\/\\\/www.motricidades.org\\\/spqmh\\\/coloquio\\\/viii-cpqmh-2019\\\/#breadcrumb\",\"itemListElement\":[{\"@type\":\"ListItem\",\"position\":1,\"name\":\"In\u00edcio\",\"item\":\"https:\\\/\\\/www.motricidades.org\\\/spqmh\\\/\"},{\"@type\":\"ListItem\",\"position\":2,\"name\":\"Col\u00f3quio\",\"item\":\"https:\\\/\\\/www.motricidades.org\\\/spqmh\\\/coloquio\\\/\"},{\"@type\":\"ListItem\",\"position\":3,\"name\":\"VIII CPQMH &#8211; 2019\"}]},{\"@type\":\"WebSite\",\"@id\":\"https:\\\/\\\/www.motricidades.org\\\/spqmh\\\/#website\",\"url\":\"https:\\\/\\\/www.motricidades.org\\\/spqmh\\\/\",\"name\":\"\",\"description\":\"SOCIEDADE DE PESQUISA QUALITATIVA EM MOTRICIDADE HUMANA - SPQMH\",\"potentialAction\":[{\"@type\":\"SearchAction\",\"target\":{\"@type\":\"EntryPoint\",\"urlTemplate\":\"https:\\\/\\\/www.motricidades.org\\\/spqmh\\\/?s={search_term_string}\"},\"query-input\":{\"@type\":\"PropertyValueSpecification\",\"valueRequired\":true,\"valueName\":\"search_term_string\"}}],\"inLanguage\":\"pt-BR\"}]}<\/script>\n<!-- \/ Yoast SEO plugin. -->","yoast_head_json":{"title":"VIII CPQMH - 2019 -","robots":{"index":"index","follow":"follow","max-snippet":"max-snippet:-1","max-image-preview":"max-image-preview:large","max-video-preview":"max-video-preview:-1"},"canonical":"https:\/\/www.motricidades.org\/spqmh\/coloquio\/viii-cpqmh-2019\/","og_locale":"pt_BR","og_type":"article","og_title":"VIII CPQMH - 2019 -","og_description":"VIII Col\u00f3quio de Pesquisa Qualitativa em Motricidade Humana:Motricidade e Interculturalidade O&nbsp;Col\u00f3quio de Pesquisa Qualitativa em Motricidade Humana (CPQMH) \u00e9 um evento cient\u00edfico internacional e itinerante organizado desde 2003 pela \u201cSociedade de Pesquisa Qualitativa em Motricidade Humana\u201d (SPQMH). No ano 2019, entre os dias 9 e 11 de dezembro, a oitava edi\u00e7\u00e3o do CPQMH foi realizada...","og_url":"https:\/\/www.motricidades.org\/spqmh\/coloquio\/viii-cpqmh-2019\/","article_modified_time":"2023-03-05T21:58:39+00:00","og_image":[{"url":"http:\/\/www.motricidades.org\/spqmh\/wp-content\/uploads\/Logo-VIII-CPQMH-Paulo.jpg","type":"","width":"","height":""}],"twitter_card":"summary_large_image","twitter_misc":{"Est. tempo de leitura":"4 minutos"},"schema":{"@context":"https:\/\/schema.org","@graph":[{"@type":"WebPage","@id":"https:\/\/www.motricidades.org\/spqmh\/coloquio\/viii-cpqmh-2019\/","url":"https:\/\/www.motricidades.org\/spqmh\/coloquio\/viii-cpqmh-2019\/","name":"VIII CPQMH - 2019 -","isPartOf":{"@id":"https:\/\/www.motricidades.org\/spqmh\/#website"},"primaryImageOfPage":{"@id":"https:\/\/www.motricidades.org\/spqmh\/coloquio\/viii-cpqmh-2019\/#primaryimage"},"image":{"@id":"https:\/\/www.motricidades.org\/spqmh\/coloquio\/viii-cpqmh-2019\/#primaryimage"},"thumbnailUrl":"http:\/\/www.motricidades.org\/spqmh\/wp-content\/uploads\/Logo-VIII-CPQMH-Paulo.jpg","datePublished":"2019-01-30T20:43:37+00:00","dateModified":"2023-03-05T21:58:39+00:00","breadcrumb":{"@id":"https:\/\/www.motricidades.org\/spqmh\/coloquio\/viii-cpqmh-2019\/#breadcrumb"},"inLanguage":"pt-BR","potentialAction":[{"@type":"ReadAction","target":["https:\/\/www.motricidades.org\/spqmh\/coloquio\/viii-cpqmh-2019\/"]}]},{"@type":"ImageObject","inLanguage":"pt-BR","@id":"https:\/\/www.motricidades.org\/spqmh\/coloquio\/viii-cpqmh-2019\/#primaryimage","url":"http:\/\/www.motricidades.org\/spqmh\/wp-content\/uploads\/Logo-VIII-CPQMH-Paulo.jpg","contentUrl":"http:\/\/www.motricidades.org\/spqmh\/wp-content\/uploads\/Logo-VIII-CPQMH-Paulo.jpg"},{"@type":"BreadcrumbList","@id":"https:\/\/www.motricidades.org\/spqmh\/coloquio\/viii-cpqmh-2019\/#breadcrumb","itemListElement":[{"@type":"ListItem","position":1,"name":"In\u00edcio","item":"https:\/\/www.motricidades.org\/spqmh\/"},{"@type":"ListItem","position":2,"name":"Col\u00f3quio","item":"https:\/\/www.motricidades.org\/spqmh\/coloquio\/"},{"@type":"ListItem","position":3,"name":"VIII CPQMH &#8211; 2019"}]},{"@type":"WebSite","@id":"https:\/\/www.motricidades.org\/spqmh\/#website","url":"https:\/\/www.motricidades.org\/spqmh\/","name":"","description":"SOCIEDADE DE PESQUISA QUALITATIVA EM MOTRICIDADE HUMANA - SPQMH","potentialAction":[{"@type":"SearchAction","target":{"@type":"EntryPoint","urlTemplate":"https:\/\/www.motricidades.org\/spqmh\/?s={search_term_string}"},"query-input":{"@type":"PropertyValueSpecification","valueRequired":true,"valueName":"search_term_string"}}],"inLanguage":"pt-BR"}]}},"_links":{"self":[{"href":"https:\/\/www.motricidades.org\/spqmh\/wp-json\/wp\/v2\/pages\/1179","targetHints":{"allow":["GET"]}}],"collection":[{"href":"https:\/\/www.motricidades.org\/spqmh\/wp-json\/wp\/v2\/pages"}],"about":[{"href":"https:\/\/www.motricidades.org\/spqmh\/wp-json\/wp\/v2\/types\/page"}],"author":[{"embeddable":true,"href":"https:\/\/www.motricidades.org\/spqmh\/wp-json\/wp\/v2\/users\/1"}],"replies":[{"embeddable":true,"href":"https:\/\/www.motricidades.org\/spqmh\/wp-json\/wp\/v2\/comments?post=1179"}],"version-history":[{"count":15,"href":"https:\/\/www.motricidades.org\/spqmh\/wp-json\/wp\/v2\/pages\/1179\/revisions"}],"predecessor-version":[{"id":2235,"href":"https:\/\/www.motricidades.org\/spqmh\/wp-json\/wp\/v2\/pages\/1179\/revisions\/2235"}],"up":[{"embeddable":true,"href":"https:\/\/www.motricidades.org\/spqmh\/wp-json\/wp\/v2\/pages\/143"}],"wp:attachment":[{"href":"https:\/\/www.motricidades.org\/spqmh\/wp-json\/wp\/v2\/media?parent=1179"}],"curies":[{"name":"wp","href":"https:\/\/api.w.org\/{rel}","templated":true}]}}