{"id":1214,"date":"2019-06-01T11:28:38","date_gmt":"2019-06-01T14:28:38","guid":{"rendered":"http:\/\/www.motricidades.org\/spqmh\/?page_id=1214"},"modified":"2025-03-16T08:18:38","modified_gmt":"2025-03-16T11:18:38","slug":"associados","status":"publish","type":"page","link":"https:\/\/www.motricidades.org\/spqmh\/inscricao\/associados\/","title":{"rendered":"Associados\/as"},"content":{"rendered":"\n<p style=\"text-align: center;\"><strong>Associados\/as 2024<br \/><\/strong>Ana Maria Lino<br \/>Andr\u00e9 Luis de Oliveira<br \/>Cae Rodrigues<br \/>Caroline Martins de Sousa<br \/>Cl\u00e1udia Foganholi<br \/>Clayton da Silva Carmo<br \/>Conrado Marques da Silva de Checchi<br \/>Dagmar Aparecida Cynthia Fran\u00e7a Hunger<br \/>Denise Andrade de Freitas Martins<br \/>Denise Aparecida Corr\u00eaa<br \/>\u00c9rica Vecchia<br \/>F\u00e1bio Ricardo Mizuno Lemos<br \/>Fernanda Rossi<br \/>Fernando Paulo Rosa de Freitas<br \/>Gilberto Tadeu Reis da Silva<br \/>Glauco Nunes Souto Ramos<br \/>Ilza Zenker Leme Joly<br \/>Juliana Cristina Perlotti Piunti<br \/>Jussara Aparecida de Paula Justino<br \/>L\u00edlian Aparecida Ferreira<br \/>Luiz Gon\u00e7alves Junior<br \/>Marcos Jos\u00e9 de Aquino Pereira<br \/>Maria das Gra\u00e7as Barreto da Silva<br \/>Matheus Oliveira Santos<br \/>Mauricio Mendes Belmonte<br \/>Miri\u00e3 Martins de Brito<br \/>Murilo Ferreira Velho de Arruda<br \/>Nathan Raphael Varotto<br \/>Osmar Moreira de Souza J\u00fanior<br \/>Paulo C\u00e9sar Antonini de Souza<br \/>Regiane Cristina Galante<br \/>Roberta Maria Zambon Maziero<br \/>Robson Amaral da Silva<br \/>Samuel Feliciano Pereira<br \/>Sergio Alejandro Toro Ar\u00e9valo<br \/>Thais Fernandes Costa<br \/>Thales Felipe Dantas Alves<br \/>Victor Lage<br \/>Vit\u00f3ria Helena Cunha Esp\u00f3sito<br \/>Wagner Wey Moreira<br \/>Yara Aparecida Couto<\/p>\n<p style=\"text-align: center;\"><strong>Associados\/as 2023<\/strong><br \/>Andr\u00e9 Luis de Oliveira<br \/>Andr\u00e9ia Cordeiro Mecca<br \/>Beatriz Fernanda de Oliveira Avelino<br \/>Cae Rodrigues<br \/>Cl\u00e1udia Foganholi<br \/>Clayton da Silva Carmo<br \/>Conrado Marques da Silva de Checchi<br \/>Dagmar Aparecida Cynthia Fran\u00e7a Hunger<br \/>Denise Andrade de Freitas Martins<br \/>Denise Aparecida Corr\u00eaa<br \/>\u00c9rica Vecchia<br \/>F\u00e1bio Ricardo Mizuno Lemos<br \/>Fernanda Rossi<br \/>Fernando Lubrechet<br \/>Gilberto Tadeu Reis da Silva<br \/>Glauco Nunes Souto Ramos<br \/>Jos\u00e9 Vicente Martins<br \/>Juliana Cristina Perlotti Piunti<br \/>Jussara Aparecida de Paula Justino<br \/>L\u00edlian Aparecida Ferreira<br \/>Luiz Gon\u00e7alves Junior<br \/>Marcos Jos\u00e9 de Aquino Pereira<br \/>Maria das Gra\u00e7as Barreto da Silva<br \/>Maristela Ross de Castro Gasonato<br \/>Matheus Oliveira Santos<br \/>Mauricio Mendes Belmonte<br \/>Miri\u00e3 Martins de Brito<br \/>Murilo Ferreira Velho de Arruda<br \/>Nathan Raphael Varotto<br \/>Osmar Moreira de Souza J\u00fanior<br \/>Paulo C\u00e9sar Antonini de Souza<br \/>Regiane Cristina Galante<br \/>Roberta Maria Zambon Maziero<br \/>Robson Amaral da Silva<br \/>Samuel Feliciano Pereira<br \/>Sergio Alejandro Toro Ar\u00e9valo<br \/>Thais Fernandes Costa<br \/>Thales Felipe Dantas Alves<br \/>Victor Lage<br \/>Vit\u00f3ria Helena Cunha Esp\u00f3sito<br \/>Wagner Wey Moreira<br \/>Yara Aparecida Couto<\/p>\n<p style=\"text-align: center;\"><strong>Associados\/as 2022<br \/><\/strong>Andr\u00e9 Luis de Oliveira<br \/>Andr\u00e9ia Cordeiro Mecca<br \/>B\u00e1rbara Cristina Frassetto Cangiani<br \/>Cae Rodrigues<br \/>Cl\u00e1udia Foganholi<br \/>Clayton da Silva Carmo<br \/>Conrado Marques da Silva de Checchi<br \/>Dagmar Aparecida Cynthia Fran\u00e7a Hunger<br \/>Denise Andrade de Freitas Martins<br \/>Denise Aparecida Corr\u00eaa<br \/>F\u00e1bio Ricardo Mizuno Lemos<br \/>Fernanda Rossi<br \/>Gilberto Tadeu Reis da Silva<br \/>Glauco Nunes Souto Ramos<br \/>Jose Manuel Alvarez Seara<br \/>Jos\u00e9 Vicente Martins<br \/>Jussara Aparecida de Paula Justino<br \/>L\u00edlian Aparecida Ferreira<br \/>Luiz Gon\u00e7alves Junior<br \/>Marcos Jos\u00e9 de Aquino Pereira<br \/>Maria das Gra\u00e7as Barreto da Silva<br \/>Maristela Ross de Castro Gasonato<br \/>Matheus Oliveira Santos<br \/>Maur\u00edcio Mendes Belmonte<br \/>Miri\u00e3 Martins de Brito<br \/>Murilo Ferreira Velho de Arruda<br \/>Nathan Raphael Varotto<br \/>Osmar Moreira de Souza J\u00fanior<br \/>Paulo C\u00e9sar Antonini de Souza<br \/>Regiane Cristina Galante<br \/>Roberta Maria Zambon Maziero<br \/>Robson Amaral da Silva<br \/>Sergio Alejandro Toro Ar\u00e9valo<br \/>Thais Fernandes Costa<br \/>Thales Felipe Dantas Alves<br \/>Victor Lage<br \/>Vit\u00f3ria Helena Cunha Esp\u00f3sito<br \/>Wagner Wey Moreira<br \/>Yara Aparecida Couto<\/p>\n<p style=\"text-align: center;\"><strong>Associados\/as 2021<\/strong><strong><br \/><\/strong>Andr\u00e9 Luis de Oliveira<br \/>Andr\u00e9ia Cordeiro Mecca<br \/>B\u00e1rbara Cristina Frassetto Cangiani<br \/>Cae Rodrigues<br \/>Cl\u00e1udia Foganholi<br \/>Clayton da Silva Carmo<br \/>Cleonice Terezinha Fernandes<br \/>Conrado Marques da Silva de Checchi<br \/>Dagmar Aparecida Cynthia Fran\u00e7a Hunger<br \/>Denise Andrade de Freitas Martins<br \/>Denise Aparecida Corr\u00eaa<br \/>F\u00e1bio Ricardo Mizuno Lemos<br \/>Gilberto Tadeu Reis da Silva<br \/>Glauco Nunes Souto Ramos<br \/>Jose Manuel Alvarez Seara<br \/>Jos\u00e9 Vicente Martins<br \/>Juliana Franzi<br \/>Jussara Aparecida de Paula Justino<br \/>L\u00edlian Aparecida Ferreira<br \/>Luiz Gon\u00e7alves Junior<br \/>Marcos Jos\u00e9 de Aquino Pereira<br \/>Maria das Gra\u00e7as Barreto da Silva<br \/>Matheus Oliveira Santos<br \/>Maur\u00edcio Mendes Belmonte<br \/>Miri\u00e3 Martins de Brito<br \/>Murilo Ferreira Velho de Arruda<br \/>Nathan Raphael Varotto<br \/>Paulo C\u00e9sar Antonini de Souza<br \/>Regiane Cristina Galante<br \/>Robson Amaral da Silva<br \/>Sergio Alejandro Toro Ar\u00e9valo<br \/>Victor Lage<br \/>Vit\u00f3ria Helena Cunha Esp\u00f3sito<br \/>Wagner Wey Moreira<br \/>Yara Aparecida Couto<\/p>\n<p style=\"text-align: center;\"><strong>Associados\/as 2020<\/strong><strong><br \/><\/strong>Andr\u00e9ia Cordeiro Mecca<br \/>Cae Rodrigues<br \/>Cl\u00e1udia Foganholi<br \/>Clayton da Silva Carmo<br \/>Conrado Marques da Silva de Checchi<br \/>Denise Andrade de Freitas Martins<br \/>Denise Aparecida Corr\u00eaa<br \/>Fabio de Moraes<br \/>F\u00e1bio Ricardo Mizuno Lemos<br \/>Gilmar Ara\u00fajo de Oliveira<br \/>Glauco Nunes Souto Ramos<br \/>Ilza Zenker Leme Joly<br \/>Jose Manuel Alvarez Seara<br \/>Jos\u00e9 Vicente Martins<br \/>Jussara Aparecida de Paula Justino<br \/>L\u00edlian Aparecida Ferreira<br \/>Luiz Gon\u00e7alves Junior<br \/>Maria das Gra\u00e7as Barreto da Silva<br \/>Maristela Ross de Castro Gasonato<br \/>Matheus Oliveira Santos<br \/>Maur\u00edcio Mendes Belmonte<br \/>Murilo Ferreira Velho de Arruda<br \/>Nathan Raphael Varotto<br \/>Paulo C\u00e9sar Antonini de Souza<br \/>Roberta Maria Zambon Maziero<br \/>Robson Amaral da Silva<br \/>Sergio Alejandro Toro Ar\u00e9valo<br \/>Victor Lage<br \/>Vit\u00f3ria Helena Cunha Esp\u00f3sito<br \/>Wagner Wey Moreira<br \/>Yara Aparecida Couto<\/p>\n<p style=\"text-align: center;\"><strong>Associados\/as 2019<\/strong><strong><br \/><\/strong>Andr\u00e9ia Cordeiro Mecca<br \/>Cae Rodrigues<br \/>Clayton da Silva Carmo<br \/>Cleonice Terezinha Fernandes<br \/>Conrado Marques da Silva de Checchi<br \/>Denise Andrade de Freitas Martins<br \/>Denise Aparecida Corr\u00eaa<br \/>F\u00e1bio Ricardo Mizuno Lemos<br \/>Gilmar Ara\u00fajo de Oliveira<br \/>Glauco Nunes Souto Ramos<br \/>Jose Manuel Alvarez Seara<br \/>Jos\u00e9 Vicente Martins<br \/>Jussara Aparecida de Paula Justino<br \/>L\u00edlian Aparecida Ferreira<br \/>Luiz Gon\u00e7alves Junior<br \/>Maristela Ross de Castro Gasonato<br \/>Murilo Ferreira Velho de Arruda<br \/>Roberta Maria Zambon Maziero<br \/>Sergio Alejandro Toro Ar\u00e9valo<br \/>Silvino Marques da Cunha Junior<br \/>Vit\u00f3ria Helena Cunha Esp\u00f3sito<br \/>Wagner Wey Moreira<br \/>Yara Aparecida Couto<\/p>\n<p style=\"text-align: center;\"><strong>Associados\/as 2018<\/strong><strong><br \/><\/strong>Aline de Souza Denzin<br \/>Andr\u00e9ia Cordeiro Mecca<br \/>Cae Rodrigues<br \/>Cintia Carvalho Oliveira<br \/>Cl\u00e1udia Foganholi<br \/>Clayton da Silva Carmo<br \/>Cleonice Terezinha Fernandes<br \/>Conrado Marques da Silva de Checchi<br \/>Denise Andrade de Freitas Martins<br \/>Denise Aparecida Corr\u00eaa<br \/>F\u00e1bio Ricardo Mizuno Lemos<br \/>Glauco Nunes Souto Ramos<br \/>Jos\u00e9 Vicente Martins<br \/>Jussara Aparecida de Paula Justino<br \/>L\u00edlian Aparecida Ferreira<br \/>L\u00facio de Castro F\u00e1bis<br \/>Luiz Gon\u00e7alves Junior<br \/>Maria das Gra\u00e7as Barreto da Silva<br \/>Maur\u00edcio Mendes Belmonte<br \/>Murilo Ferreira Velho de Arruda<br \/>Nathan Raphael Varotto<br \/>Paulo C\u00e9sar Antonini de Souza<br \/>Roberta Maria Zambon Maziero<br \/>Robson Amaral da Silva<br \/>Sergio Alejandro Toro Ar\u00e9valo<br \/>Silvino Marques da Cunha Junior<br \/>Victor Lage<br \/>Vit\u00f3ria Helena Cunha Esp\u00f3sito<br \/>Yara Aparecida Couto<\/p>\n<p style=\"text-align: center;\"><strong>Associados\/as 01\/2017 \u2013 12\/2017<\/strong><strong><br \/><\/strong>Aline de Souza Denzin<br \/>Andr\u00e9ia Cordeiro Mecca<br \/>Cae Rodrigues<br \/>Cl\u00e1udia Foganholi<br \/>Clayton da Silva Carmo<br \/>Cleonice Terezinha Fernandes<br \/>Conrado Marques da Silva de Checchi<br \/>Denise Andrade de Freitas Martins<br \/>Denise Aparecida Corr\u00eaa<br \/>Fabiana Rodrigues de Sousa<br \/>F\u00e1bio Ricardo Mizuno Lemos<br \/>Glauco Nunes Souto Ramos<br \/>Jos\u00e9 Vicente Martins<br \/>Jussara Aparecida de Paula Justino<br \/>L\u00edlian Aparecida Ferreira<br \/>Luiz Gon\u00e7alves Junior<br \/>Maria das Gra\u00e7as Barreto da Silva<br \/>Maur\u00edcio Mendes Belmonte<br \/>Murilo Ferreira Velho de Arruda<br \/>Paulo C\u00e9sar Antonini de Souza<br \/>Roberta Maria Zambon Maziero<br \/>Robson Amaral da Silva<br \/>Sergio Alejandro Toro Ar\u00e9valo<br \/>Silvino Marques da Cunha Junior<br \/>Victor Lage<br \/>Vit\u00f3ria Helena Cunha Esp\u00f3sito<br \/>Yara Aparecida Couto<\/p>\n<p style=\"text-align: center;\"><strong>Associados\/as 06\/2015 \u2013 12\/2016<\/strong><strong><br \/><\/strong>Aline de Souza Denzin<br \/>Cae Rodrigues<br \/>Cl\u00e1udia Foganholi<br \/>Clayton da Silva Carmo<br \/>Conrado Marques da Silva de Checchi<br \/>Denise Andrade de Freitas Martins<br \/>Denise Aparecida Corr\u00eaa<br \/>Fabiana Rodrigues de Sousa<br \/>F\u00e1bio Ricardo Mizuno Lemos<br \/>Glauco Nunes Souto Ramos<br \/>Jos\u00e9 Vicente Martins<br \/>Jussara Aparecida de Paula Justino<br \/>L\u00edlian Aparecida Ferreira<br \/>Luiz Gon\u00e7alves Junior<br \/>Maur\u00edcio Mendes Belmonte<br \/>Paulo C\u00e9sar Antonini de Souza<br \/>Paulo Henrique Leal<br \/>Regiane Cristina Galante<br \/>Roberta Maria Zambon Maziero<br \/>Robson Amaral da Silva<br \/>Sergio Alejandro Toro Ar\u00e9valo<br \/>Silmara Elena Alves de Campos<br \/>Silvino Marques da Cunha Junior<br \/>Victor Lage<br \/>Vit\u00f3ria Helena Cunha Esp\u00f3sito<br \/>Yara Aparecida Couto<\/p>\n<p style=\"text-align: center;\"><strong>Associados\/as 06\/2014 \u2013 05\/2015<\/strong><strong><br \/><\/strong>Alexandre Conttato Colagrai<br \/>Aline de Souza Denzin<br \/>Andresa Souza Ugaya<br \/>Ann Arteaga<br \/>Cae Rodrigues<br \/>Carolina Paredes<br \/>Cl\u00e1udia Foganholi<br \/>Clayton da Silva Carmo<br \/>Denise Andrade de Freitas Martins<br \/>Denise Aparecida Corr\u00eaa<br \/>Fabiana Rodrigues de Sousa<br \/>F\u00e1bio Ricardo Mizuno Lemos<br \/>Fernando Donizete Alves<br \/>Glauco Nunes Souto Ramos<br \/>Jos\u00e9 Vicente Martins<br \/>Leandro Dri Manfiolete<br \/>L\u00edlian Aparecida Ferreira<br \/>Luiz Gon\u00e7alves Junior<br \/>Matheus Oliveira Santos<br \/>Maur\u00edcio Mendes Belmonte<br \/>Paulo C\u00e9sar Antonini de Souza<br \/>Regiane Cristina Galante<br \/>Robson Amaral da Silva<br \/>Sergio Alejandro Toro Ar\u00e9valo<br \/>Silvino Marques da Cunha Junior<br \/>Victor Lage<br \/>Vit\u00f3ria Helena Cunha Esp\u00f3sito<br \/>Yara Aparecida Couto<\/p>\n<p style=\"text-align: center;\"><strong>Associados\/as 06\/2013 \u2013 05\/2014<\/strong><strong><br \/><\/strong>Alexandre Conttato Colagrai<br \/>Andresa Souza Ugaya<br \/>Cae Rodrigues<br \/>Cl\u00e1udia Foganholi<br \/>Clayton da Silva Carmo<br \/>Denise Andrade de Freitas Martins<br \/>Denise Aparecida Corr\u00eaa<br \/>Fabiana Rodrigues de Sousa<br \/>F\u00e1bio Ricardo Mizuno Lemos<br \/>Glauco Nunes Souto Ramos<br \/>Jos\u00e9 Vicente Martins<br \/>Leandro Dri Manfiolete<br \/>L\u00edlian Aparecida Ferreira<br \/>Luiz Gon\u00e7alves Junior<br \/>Matheus Oliveira Santos<br \/>Maur\u00edcio Mendes Belmonte<br \/>Paulo C\u00e9sar Antonini de Souza<br \/>Regiane Cristina Galante<br \/>Robson Amaral da Silva<br \/>Sergio Alejandro Toro Ar\u00e9valo<br \/>Silvino Marques da Cunha Junior<br \/>Victor Lage<br \/>Vit\u00f3ria Helena Cunha Esp\u00f3sito<br \/>Yara Aparecida Couto<\/p>\n<p style=\"text-align: center;\"><strong>Associados\/as 06\/2012 \u2013 05\/2013<\/strong><strong><br \/><\/strong>Andresa Souza Ugaya<br \/>Cae Rodrigues<br \/>Cl\u00e1udia Foganholi<br \/>Clayton da Silva Carmo<br \/>Cl\u00f3vis Claudino Bento<br \/>Denise Andrade de Freitas Martins<br \/>Denise Aparecida Corr\u00eaa<br \/>Fabiana Rodrigues de Sousa<br \/>F\u00e1bio Ricardo Mizuno Lemos<br \/>Glauco Nunes Souto Ramos<br \/>Gustavo Henrique de Andrade<br \/>Jos\u00e9 Vicente Martins<br \/>L\u00edlian Aparecida Ferreira<br \/>Luiz Gon\u00e7alves Junior<br \/>Luz Elena Gallo<br \/>Maur\u00edcio Mendes Belmonte<br \/>Paulo C\u00e9sar Antonini de Souza<br \/>Regiane Cristina Galante<br \/>Robson Amaral da Silva<br \/>Sergio Alejandro Toro Ar\u00e9valo<br \/>Silmara Elena Alves de Campos<br \/>Vanderlei Balbino da Costa<br \/>Victor Lage<br \/>Vin\u00edcius Barbosa de Morais<br \/>Vit\u00f3ria Helena Cunha Esp\u00f3sito<br \/>Yara Aparecida Couto<\/p>\n<p style=\"text-align: center;\"><strong>Associados\/as 06\/2011 \u2013 05\/2012<\/strong><strong><br \/><\/strong>Alexandre Janota Drigo<br \/>Ana Cl\u00e1udia Bianconi<br \/>Cae Rodrigues<br \/>Cl\u00e1udia Foganholi<br \/>Clayton da Silva Carmo<br \/>Cl\u00f3vis Claudino Bento<br \/>Denise Andrade de Freitas Martins<br \/>Denise Aparecida Corr\u00eaa<br \/>Fabiana Rodrigues de Sousa<br \/>F\u00e1bio Ricardo Mizuno Lemos<br \/>Glauco Nunes Souto Ramos<br \/>Jos\u00e9 Vicente Martins<br \/>Juliana Cesana<br \/>L\u00edlian Aparecida Ferreira<br \/>Luiz Gon\u00e7alves Junior<br \/>Matheus Oliveira Santos<br \/>Maur\u00edcio Mendes Belmonte<br \/>Paulo C\u00e9sar Antonini de Souza<br \/>Regiane Cristina Galante<br \/>Sergio Alejandro Toro Ar\u00e9valo<br \/>Silmara Elena Alves de Campos<br \/>Vanderlei Balbino da Costa<br \/>Vit\u00f3ria Helena Cunha Esp\u00f3sito<br \/>Yara Aparecida Couto<\/p>\n<p style=\"text-align: center;\"><strong>Associados\/as 06\/2010 \u2013 05\/2011<\/strong><strong><br \/><\/strong>Alesandro Anselmo Pereira<br \/>Alexandre Janota Drigo<br \/>Cae Rodrigues<br \/>Cl\u00e1udia Foganholi<br \/>Cl\u00f3vis Claudino Bento<br \/>Denise Andrade de Freitas Martins<br \/>Denise Aparecida Corr\u00eaa<br \/>Denise de Freitas<br \/>Dijnane Fernanda Vedovatto Iza<br \/>Fabiana Rodrigues de Sousa<br \/>F\u00e1bio Junio Valentim<br \/>F\u00e1bio Ricardo Mizuno Lemos<br \/>Glauco Nunes Souto Ramos<br \/>Jos\u00e9 Vicente Martins<br \/>Juliana Cesana<br \/>L\u00edlian Aparecida Ferreira<br \/>Luiz Gon\u00e7alves Junior<br \/>Maria Waldenez de Oliveira<br \/>Matheus Oliveira Santos<br \/>Paulo C\u00e9sar Antonini de Souza<br \/>Paulo Henrique Leal<br \/>Regiane Cristina Galante<br \/>Ricardo Peixoto Stevaux<br \/>Robson Amaral da Silva<br \/>Vanderlei Balbino da Costa<br \/>Victor Lage<br \/>Yara Aparecida Couto<br \/>Yvone Dias Avelino<\/p>\n<p style=\"text-align: center;\"><strong>Associados\/as 06\/2009 \u2013 05\/2010<\/strong><strong><br \/><\/strong>Adilson Souza Ara\u00fajo<br \/>Alesandro Anselmo Pereira<br \/>Alexandre Janota Drigo<br \/>Aline Sommerhalder<br \/>Ana Cl\u00e1udia Bianconi<br \/>Cae Rodrigues<br \/>Camila Milan Paulo<br \/>C\u00e1ssia Missuko Saito<br \/>Cl\u00e1udia Foganholi<br \/>Cl\u00f3vis Claudino Bento<br \/>Cristiane Pereira de Souza<br \/>Denise Andrade de Freitas Martins<br \/>Denise Aparecida Corr\u00eaa<br \/>Edivan Ribeiro Soares<br \/>Edson Aparecido Colloca<br \/>Fabiana Rodrigues de Sousa<br \/>F\u00e1bio Ricardo Mizuno Lemos<br \/>Glauco Nunes Souto Ramos<br \/>Isaque de Souza<br \/>Ivan Gimenes de Lima<br \/>Jonas Mittitier<br \/>Jos\u00e9 Vicente Martins<br \/>Juliana Cesana<br \/>Kenia Cristina Mobiglia de Falco<br \/>L\u00edlian Aparecida Ferreira<br \/>Lu\u00eds Gabriel da Silva<br \/>Luiz Gon\u00e7alves Junior<br \/>Luiz Gustavo Bonatto Rufino<br \/>Marcos Roberto So<br \/>Maria Anita Viviani Martins<br \/>Maria das Gra\u00e7as Barreto da Silva<br \/>Marina Marcondes Machado<br \/>Maristela Ross de Castro Gasonato<br \/>Matheus de Falco Soares de Oliveira<br \/>Matheus Oliveira Santos<br \/>Mauro Betti<br \/>Nat\u00e1lia Chaves Gomes<br \/>Paula Bessi Constantino<br \/>Paulo C\u00e9sar Antonini de Souza<br \/>Priscila VillasBoas<br \/>Regiane Cristina Galante<br \/>Reinaldo Naia Cavazani<br \/>Ricardo Peixoto Stevaux<br \/>Robson Amaral da Silva<br \/>Rog\u00e9rio dos Anjos Ara\u00fajo<br \/>Saulo Sergio Richetto<br \/>Sheila Aparecida Pereira dos Santos Silva<br \/>Silmara Elena Alves de Campos<br \/>Vanderlei Balbino da Costa<br \/>Victor Lage<br \/>Vinicius Segnini<br \/>Vit\u00f3ria Helena Cunha Esp\u00f3sito<br \/>Yara Aparecida Couto<\/p>\n<p style=\"text-align: center;\"><strong>Associados\/as 06\/2008 \u2013 05\/2009<\/strong><strong><br \/><\/strong>Adilson Souza Ara\u00fajo<br \/>Alesandro Anselmo Pereira<br \/>Ana Cl\u00e1udia Bianconi<br \/>Cae Rodrigues<br \/>Cl\u00f3vis Claudino Bento<br \/>Denise Aparecida Corr\u00eaa<br \/>F\u00e1bio Ricardo Mizuno Lemos<br \/>Fl\u00e1vio Idal\u00edrio de Lima Leite<br \/>Glauco Nunes Souto Ramos<br \/>Jos\u00e9 Vicente Martins<br \/>Luiz Gon\u00e7alves Junior<br \/>Matheus Oliveira Santos<br \/>M\u00f4nica dos Santos Lima<br \/>Paulo C\u00e9sar Antonini de Souza<br \/>Regiane Cristina Galante<br \/>Ricardo Peixoto Stevaux<br \/>Sheila Aparecida Pereira dos Santos Silva<br \/>Silmara Elena Alves de Campos<br \/>Vanderlei Balbino da Costa<br \/>Victor Lage<br \/>Vivian Parreira da Silva<br \/>Yara Aparecida Couto<\/p>\n<p style=\"text-align: center;\"><strong>Associados\/as 06\/2007 \u2013 05\/2008<\/strong><strong><br \/><\/strong>Alesandro Anselmo Pereira<br \/>Andressa Vilha Oliveira<br \/>Bianca Haertel<br \/>Bruna Mariano Mioto<br \/>Cae Rodrigues<br \/>Camila Milan Paulo<br \/>Carlos Augusto Romagnoli<br \/>Clariana Rodrigues Ruy<br \/>Cl\u00f3vis Claudino Bento<br \/>Denise Aparecida Corr\u00eaa<br \/>Dirceu F. Penteado Neto<br \/>F\u00e1bio Ricardo Mizuno Lemos<br \/>Fl\u00e1via Aparecida Thomaz<br \/>Glauco Nunes Souto Ramos<br \/>Guilherme Mori<br \/>Heloisa Carla de Moraes<br \/>Ivan Gimenes de Lima<br \/>Jana\u00edna de Freitas Munhoz<br \/>Jos\u00e9 Vicente Martins<br \/>Juliana Cristina Perlotti Piunti<br \/>Juliana Maria Gastaldi<br \/>Luciana Satiko Yamada<br \/>Luciane Pedrocchi Roiz<br \/>Luciene Ferreira da Silva<br \/>Lu\u00eds Gabriel da Silva<br \/>Luiz Gon\u00e7alves Junior<br \/>Margarete Marchetti<br \/>Maria Clara Soares Pontoglio<br \/>Mariela Pinheiro Alves Cardoso<br \/>Marlene Aparecida Louren\u00e7o<br \/>Matheus Oliveira Santos<br \/>Maur\u00edcio Mendes Belmonte<br \/>M\u00f4nica dos Santos Lima<br \/>Paulo C\u00e9sar Antonini de Souza<br \/>Regiane Cristina Galante<br \/>Ricardo Peixoto Stevaux<br \/>Robson Amaral da Silva<br \/>Rog\u00e9rio dos Anjos Ara\u00fajo<br \/>Sabrina Fernandes<br \/>Sheila Aparecida Pereira dos Santos Silva<br \/>Silmara Elena Alves de Campos<br \/>Vanderlei Balbino da Costa<br \/>Victor Lage<br \/>Vivian Parreira da Silva<br \/>Yara Aparecida Couto<\/p>\n<p style=\"text-align: center;\"><strong>Associados\/as 06\/2006 \u2013 05\/2007<\/strong><strong><br \/><\/strong>Adilson Souza Ara\u00fajo<br \/>Ana Cl\u00e1udia Bianconi<br \/>Cae Rodrigues<br \/>Carlos Renato Arocete Ribeiro<br \/>Denise Aparecida Corr\u00eaa<br \/>F\u00e1bio Ricardo Mizuno Lemos<br \/>Glauco Nunes Souto Ramos<br \/>Jos\u00e9 Vicente Martins<br \/>Lu\u00eds Gabriel da Silva<br \/>Luiz Gon\u00e7alves Junior<br \/>Matheus Oliveira Santos<br \/>M\u00f4nica dos Santos Lima<br \/>Regiane Cristina Galante<br \/>Silmara Elena Alves de Campos<br \/>Victor Lage<br \/>Yara Aparecida Couto<\/p>\n<p style=\"text-align: center;\"><strong>Associados\/as 06\/2005 \u2013 05\/2006<\/strong><strong><br \/><\/strong>Adilson Souza Ara\u00fajo<br \/>Ana Cl\u00e1udia Bianconi<br \/>Ana Paula dos Santos<br \/>Cae Rodrigues<br \/>Carlos Renato Arocete Ribeiro<br \/>Denise Aparecida Corr\u00eaa<br \/>F\u00e1bio Ricardo Mizuno Lemos<br \/>Glauco Nunes Souto Ramos<br \/>Jos\u00e9 Vicente Martins<br \/>Liliam Ferragini Ramos<br \/>Luiz Gon\u00e7alves Junior<br \/>Marcos Augusto Alencar de Souza<br \/>Matheus Oliveira Santos<br \/>M\u00f4nica dos Santos Lima<br \/>Regiane Cristina Galante<br \/>Silmara Elena Alves de Campos<br \/>Victor Lage<br \/>Yara Aparecida Couto<\/p>\n<p style=\"text-align: center;\"><strong>Associados\/as 06\/2004 \u2013 05\/2005<\/strong><strong><br \/><\/strong>Adilson Souza Ara\u00fajo<br \/>Ana Cl\u00e1udia Bianconi<br \/>Ana Paula dos Santos<br \/>Bruno Ferreira Cattaruzzi<br \/>Caio Rotta Bradleury Novaes<br \/>Carlos Renato Arocete Ribeiro<br \/>Denise Aparecida Corr\u00eaa<br \/>Engels C\u00e2mara<br \/>F\u00e1bio Ricardo Mizuno Lemos<br \/>Fl\u00e1vio Idal\u00edrio de Lima Leite<br \/>Glauco Nunes Souto Ramos<br \/>Jana\u00edna de Freitas Munhoz<br \/>Jos\u00e9 Vicente Martins<br \/>Luiz Gon\u00e7alves Junior<br \/>Matheus Oliveira Santos<br \/>Regiane Cristina Galante<br \/>Silmara Elena Alves de Campos<br \/>Thiago Tozeti Fadeli<br \/>Victor Lage<br \/>Yara Aparecida Couto<\/p>\n<p style=\"text-align: center;\"><strong>Associados\/as 06\/2003 \u2013 05\/2004<\/strong><strong><br \/><\/strong>Adilson Souza Ara\u00fajo<br \/>Ana Paula dos Santos<br \/>Carlos Renato Arocete Ribeiro<br \/>Denise Aparecida Corr\u00eaa<br \/>Engels C\u00e2mara<br \/>F\u00e1bio Ricardo Mizuno Lemos<br \/>Glauco Nunes Souto Ramos<br \/>Jos\u00e9 Vicente Martins<br \/>Luiz Gon\u00e7alves Junior<br \/>Regiane Cristina Galante<br \/>Silmara Elena Alves de Campos<br \/>Thiago Tozeti Fadeli<br \/>Yara Aparecida Couto<\/p>\n<p style=\"text-align: center;\"><strong>Associados\/as Fundadores\/as<\/strong><strong><br \/><\/strong>Adilson Souza Ara\u00fajo<br \/>Carlos Renato Arocete Ribeiro<br \/>Denise Aparecida Corr\u00eaa<br \/>Engels C\u00e2mara<br \/>F\u00e1bio Ricardo Mizuno Lemos<br \/>Glauco Nunes Souto Ramos<br \/>Jos\u00e9 Vicente Martins<br \/>Luiz Gon\u00e7alves Junior<br \/>Regiane Cristina Galante<br \/>Silmara Elena Alves de Campos<br \/>Thiago Tozeti Fadeli<\/p>\n","protected":false},"excerpt":{"rendered":"<p>Associados\/as 2024Ana Maria LinoAndr\u00e9 Luis de OliveiraCae RodriguesCaroline Martins de SousaCl\u00e1udia FoganholiClayton da Silva CarmoConrado Marques da Silva de ChecchiDagmar Aparecida Cynthia Fran\u00e7a HungerDenise Andrade de Freitas MartinsDenise Aparecida Corr\u00eaa\u00c9rica VecchiaF\u00e1bio Ricardo Mizuno LemosFernanda RossiFernando Paulo Rosa de FreitasGilberto Tadeu Reis da SilvaGlauco Nunes Souto RamosIlza Zenker Leme JolyJuliana Cristina Perlotti PiuntiJussara Aparecida de Paula&#8230;<\/p>\n","protected":false},"author":1,"featured_media":0,"parent":2,"menu_order":0,"comment_status":"closed","ping_status":"closed","template":"","meta":{"footnotes":""},"class_list":["post-1214","page","type-page","status-publish","hentry"],"yoast_head":"<!-- This site is optimized with the Yoast SEO plugin v27.4 - https:\/\/yoast.com\/product\/yoast-seo-wordpress\/ -->\n<title>Associados\/as -<\/title>\n<meta name=\"robots\" content=\"index, follow, max-snippet:-1, max-image-preview:large, max-video-preview:-1\" \/>\n<link rel=\"canonical\" href=\"https:\/\/www.motricidades.org\/spqmh\/inscricao\/associados\/\" \/>\n<meta property=\"og:locale\" content=\"pt_BR\" \/>\n<meta property=\"og:type\" content=\"article\" \/>\n<meta property=\"og:title\" content=\"Associados\/as -\" \/>\n<meta property=\"og:description\" content=\"Associados\/as 2024Ana Maria LinoAndr\u00e9 Luis de OliveiraCae RodriguesCaroline Martins de SousaCl\u00e1udia FoganholiClayton da Silva CarmoConrado Marques da Silva de ChecchiDagmar Aparecida Cynthia Fran\u00e7a HungerDenise Andrade de Freitas MartinsDenise Aparecida Corr\u00eaa\u00c9rica VecchiaF\u00e1bio Ricardo Mizuno LemosFernanda RossiFernando Paulo Rosa de FreitasGilberto Tadeu Reis da SilvaGlauco Nunes Souto RamosIlza Zenker Leme JolyJuliana Cristina Perlotti PiuntiJussara Aparecida de Paula...\" \/>\n<meta property=\"og:url\" content=\"https:\/\/www.motricidades.org\/spqmh\/inscricao\/associados\/\" \/>\n<meta property=\"article:modified_time\" content=\"2025-03-16T11:18:38+00:00\" \/>\n<meta name=\"twitter:card\" content=\"summary_large_image\" \/>\n<meta name=\"twitter:label1\" content=\"Est. tempo de leitura\" \/>\n\t<meta name=\"twitter:data1\" content=\"13 minutos\" \/>\n<script type=\"application\/ld+json\" class=\"yoast-schema-graph\">{\"@context\":\"https:\\\/\\\/schema.org\",\"@graph\":[{\"@type\":\"WebPage\",\"@id\":\"https:\\\/\\\/www.motricidades.org\\\/spqmh\\\/inscricao\\\/associados\\\/\",\"url\":\"https:\\\/\\\/www.motricidades.org\\\/spqmh\\\/inscricao\\\/associados\\\/\",\"name\":\"Associados\\\/as -\",\"isPartOf\":{\"@id\":\"https:\\\/\\\/www.motricidades.org\\\/spqmh\\\/#website\"},\"datePublished\":\"2019-06-01T14:28:38+00:00\",\"dateModified\":\"2025-03-16T11:18:38+00:00\",\"breadcrumb\":{\"@id\":\"https:\\\/\\\/www.motricidades.org\\\/spqmh\\\/inscricao\\\/associados\\\/#breadcrumb\"},\"inLanguage\":\"pt-BR\",\"potentialAction\":[{\"@type\":\"ReadAction\",\"target\":[\"https:\\\/\\\/www.motricidades.org\\\/spqmh\\\/inscricao\\\/associados\\\/\"]}]},{\"@type\":\"BreadcrumbList\",\"@id\":\"https:\\\/\\\/www.motricidades.org\\\/spqmh\\\/inscricao\\\/associados\\\/#breadcrumb\",\"itemListElement\":[{\"@type\":\"ListItem\",\"position\":1,\"name\":\"In\u00edcio\",\"item\":\"https:\\\/\\\/www.motricidades.org\\\/spqmh\\\/\"},{\"@type\":\"ListItem\",\"position\":2,\"name\":\"Inscri\u00e7\u00e3o e Anuidade\",\"item\":\"https:\\\/\\\/www.motricidades.org\\\/spqmh\\\/inscricao\\\/\"},{\"@type\":\"ListItem\",\"position\":3,\"name\":\"Associados\\\/as\"}]},{\"@type\":\"WebSite\",\"@id\":\"https:\\\/\\\/www.motricidades.org\\\/spqmh\\\/#website\",\"url\":\"https:\\\/\\\/www.motricidades.org\\\/spqmh\\\/\",\"name\":\"\",\"description\":\"SOCIEDADE DE PESQUISA QUALITATIVA EM MOTRICIDADE HUMANA - SPQMH\",\"potentialAction\":[{\"@type\":\"SearchAction\",\"target\":{\"@type\":\"EntryPoint\",\"urlTemplate\":\"https:\\\/\\\/www.motricidades.org\\\/spqmh\\\/?s={search_term_string}\"},\"query-input\":{\"@type\":\"PropertyValueSpecification\",\"valueRequired\":true,\"valueName\":\"search_term_string\"}}],\"inLanguage\":\"pt-BR\"}]}<\/script>\n<!-- \/ Yoast SEO plugin. -->","yoast_head_json":{"title":"Associados\/as -","robots":{"index":"index","follow":"follow","max-snippet":"max-snippet:-1","max-image-preview":"max-image-preview:large","max-video-preview":"max-video-preview:-1"},"canonical":"https:\/\/www.motricidades.org\/spqmh\/inscricao\/associados\/","og_locale":"pt_BR","og_type":"article","og_title":"Associados\/as -","og_description":"Associados\/as 2024Ana Maria LinoAndr\u00e9 Luis de OliveiraCae RodriguesCaroline Martins de SousaCl\u00e1udia FoganholiClayton da Silva CarmoConrado Marques da Silva de ChecchiDagmar Aparecida Cynthia Fran\u00e7a HungerDenise Andrade de Freitas MartinsDenise Aparecida Corr\u00eaa\u00c9rica VecchiaF\u00e1bio Ricardo Mizuno LemosFernanda RossiFernando Paulo Rosa de FreitasGilberto Tadeu Reis da SilvaGlauco Nunes Souto RamosIlza Zenker Leme JolyJuliana Cristina Perlotti PiuntiJussara Aparecida de Paula...","og_url":"https:\/\/www.motricidades.org\/spqmh\/inscricao\/associados\/","article_modified_time":"2025-03-16T11:18:38+00:00","twitter_card":"summary_large_image","twitter_misc":{"Est. tempo de leitura":"13 minutos"},"schema":{"@context":"https:\/\/schema.org","@graph":[{"@type":"WebPage","@id":"https:\/\/www.motricidades.org\/spqmh\/inscricao\/associados\/","url":"https:\/\/www.motricidades.org\/spqmh\/inscricao\/associados\/","name":"Associados\/as -","isPartOf":{"@id":"https:\/\/www.motricidades.org\/spqmh\/#website"},"datePublished":"2019-06-01T14:28:38+00:00","dateModified":"2025-03-16T11:18:38+00:00","breadcrumb":{"@id":"https:\/\/www.motricidades.org\/spqmh\/inscricao\/associados\/#breadcrumb"},"inLanguage":"pt-BR","potentialAction":[{"@type":"ReadAction","target":["https:\/\/www.motricidades.org\/spqmh\/inscricao\/associados\/"]}]},{"@type":"BreadcrumbList","@id":"https:\/\/www.motricidades.org\/spqmh\/inscricao\/associados\/#breadcrumb","itemListElement":[{"@type":"ListItem","position":1,"name":"In\u00edcio","item":"https:\/\/www.motricidades.org\/spqmh\/"},{"@type":"ListItem","position":2,"name":"Inscri\u00e7\u00e3o e Anuidade","item":"https:\/\/www.motricidades.org\/spqmh\/inscricao\/"},{"@type":"ListItem","position":3,"name":"Associados\/as"}]},{"@type":"WebSite","@id":"https:\/\/www.motricidades.org\/spqmh\/#website","url":"https:\/\/www.motricidades.org\/spqmh\/","name":"","description":"SOCIEDADE DE PESQUISA QUALITATIVA EM MOTRICIDADE HUMANA - SPQMH","potentialAction":[{"@type":"SearchAction","target":{"@type":"EntryPoint","urlTemplate":"https:\/\/www.motricidades.org\/spqmh\/?s={search_term_string}"},"query-input":{"@type":"PropertyValueSpecification","valueRequired":true,"valueName":"search_term_string"}}],"inLanguage":"pt-BR"}]}},"_links":{"self":[{"href":"https:\/\/www.motricidades.org\/spqmh\/wp-json\/wp\/v2\/pages\/1214","targetHints":{"allow":["GET"]}}],"collection":[{"href":"https:\/\/www.motricidades.org\/spqmh\/wp-json\/wp\/v2\/pages"}],"about":[{"href":"https:\/\/www.motricidades.org\/spqmh\/wp-json\/wp\/v2\/types\/page"}],"author":[{"embeddable":true,"href":"https:\/\/www.motricidades.org\/spqmh\/wp-json\/wp\/v2\/users\/1"}],"replies":[{"embeddable":true,"href":"https:\/\/www.motricidades.org\/spqmh\/wp-json\/wp\/v2\/comments?post=1214"}],"version-history":[{"count":38,"href":"https:\/\/www.motricidades.org\/spqmh\/wp-json\/wp\/v2\/pages\/1214\/revisions"}],"predecessor-version":[{"id":2769,"href":"https:\/\/www.motricidades.org\/spqmh\/wp-json\/wp\/v2\/pages\/1214\/revisions\/2769"}],"up":[{"embeddable":true,"href":"https:\/\/www.motricidades.org\/spqmh\/wp-json\/wp\/v2\/pages\/2"}],"wp:attachment":[{"href":"https:\/\/www.motricidades.org\/spqmh\/wp-json\/wp\/v2\/media?parent=1214"}],"curies":[{"name":"wp","href":"https:\/\/api.w.org\/{rel}","templated":true}]}}