{"id":173,"date":"2017-06-25T10:09:18","date_gmt":"2017-06-25T13:09:18","guid":{"rendered":"http:\/\/www.motricidades.org\/site\/?page_id=173"},"modified":"2017-06-25T10:09:57","modified_gmt":"2017-06-25T13:09:57","slug":"estatutos-2003","status":"publish","type":"page","link":"https:\/\/www.motricidades.org\/spqmh\/historico\/estatutos-2003\/","title":{"rendered":"Estatutos &#8211; 2003"},"content":{"rendered":"<p style=\"text-align: center;\"><span style=\"font-size: 20px;\"><strong><u>ESTATUTOS DA SOCIEDADE DE PESQUISA QUALITATIVA EM<br \/>\n <\/u><\/strong><\/span><span style=\"font-size: 20px;\"><strong><u>MOTRICIDADE HUMANA<\/u><\/strong><\/span><\/p>\n<p style=\"text-align: justify;\"><span style=\"font-size: 20px;\"><strong>CAP\u00cdTULO I \u2013 DENOMINA\u00c7\u00c3O, SEDE, OBJETIVOS E DURA\u00c7\u00c3O<\/strong><\/span><\/p>\n<p style=\"text-align: justify;\"><strong>Artigo 1\u00ba<\/strong> \u2013 A Sociedade de Pesquisa Qualitativa em Motricidade Humana, doravante tamb\u00e9m denominada SPQMH, \u00e9 uma associa\u00e7\u00e3o civil sem fins lucrativos, com fins educativos e de investiga\u00e7\u00e3o cient\u00edfica, e com prazo de dura\u00e7\u00e3o indeterminado, com sede \u00e0 Rodovia Washington Lu\u00eds Km 235 \u2013 Bairro Monjolinho e foro nesta cidade de S\u00e3o Carlos, Estado de S\u00e3o Paulo, que se reger\u00e1 pelo presente estatuto e pelas disposi\u00e7\u00f5es legais aplic\u00e1veis.<\/p>\n<p style=\"text-align: justify;\"><strong>Artigo 2\u00ba<\/strong> \u2013 A Sociedade de Pesquisa Qualitativa em Motricidade Humana tem por objetivo:<\/p>\n<ol style=\"text-align: justify;\">\n<li style=\"text-align: justify;\">desenvolver estudos com pesquisa qualitativa;<\/li>\n<li style=\"text-align: justify;\">desenvolver estudos na \u00e1rea de motricidade humana;<\/li>\n<li style=\"text-align: justify;\">organizar eventos bianuais de pesquisa qualitativa e motricidade humana;<\/li>\n<li style=\"text-align: justify;\">publicar anualmente trabalhos desenvolvidos;<\/li>\n<li style=\"text-align: justify;\">agrupar e capacitar jovens em processo de inicia\u00e7\u00e3o cientifica aos procedimentos de pesquisa qualitativa em motricidade humana.<\/li>\n<\/ol>\n<p style=\"text-align: justify;\"><span style=\"font-size: 20px;\"><strong><br \/>\n CAP\u00cdTULO II &#8211; QUADRO SOCIAL, DIREITOS E DEVERES<\/strong><\/span><\/p>\n<p style=\"text-align: justify;\"><strong>Artigo 3\u00ba<\/strong> \u2013 A associa\u00e7\u00e3o compreender\u00e1 duas categorias de associados:<\/p>\n<ol style=\"text-align: justify;\">\n<li style=\"text-align: justify;\">S\u00f3cios fundadores: S\u00e3o os que estiveram presentes \u00e0 assembl\u00e9ia geral de constitui\u00e7\u00e3o, realizada em 13 de junho de 2003, e assinaram a ata de funda\u00e7\u00e3o da SPQMH.<\/li>\n<li style=\"text-align: justify;\">S\u00f3cios efetivos: S\u00e3o aqueles propostos por s\u00f3cios em peti\u00e7\u00e3o deferida pela Diretoria.<\/li>\n<\/ol>\n<p style=\"text-align: justify;\"><strong>Artigo 4\u00ba<\/strong> \u2013 S\u00e3o direitos dos s\u00f3cios:<\/p>\n<ol style=\"text-align: justify;\">\n<li>declarar-se s\u00f3cio da associa\u00e7\u00e3o;<\/li>\n<li>comparecer as reuni\u00f5es peri\u00f3dicas da SPQMH;<\/li>\n<li>participar de congressos e demais eventos cient\u00edficos representando a associa\u00e7\u00e3o conforme ela dispuser;<\/li>\n<li>ter acesso \u00e0 documenta\u00e7\u00e3o cient\u00edfica que a associa\u00e7\u00e3o dispuser;<\/li>\n<li>votar em assembl\u00e9ias gerais;<\/li>\n<li>eleger a Diretoria da associa\u00e7\u00e3o;<\/li>\n<li>ser eleito para os cargos da Diretoria e das Comiss\u00f5es assessoras da Diretoria.<\/li>\n<\/ol>\n<p style=\"text-align: justify;\"><strong>Artigo 5\u00ba<\/strong> \u2013 S\u00e3o deveres dos s\u00f3cios:<\/p>\n<ol style=\"text-align: justify;\">\n<li>cumprir e fazer cumprir o presente estatuto e cooperar para o desenvolvimento e prest\u00edgio da associa\u00e7\u00e3o, envidando todos os esfor\u00e7os para que a mesma atinja seus objetivos;<\/li>\n<li>comparecer aos atos para os quais tenha sido convocado;<\/li>\n<li>comparecer as reuni\u00f5es peri\u00f3dicas da SPQMH;<\/li>\n<li>elaborar relat\u00f3rios das reuni\u00f5es peri\u00f3dicas conforme cronograma definido em assembl\u00e9ia;<\/li>\n<li>prestigiar a SPQMH por todos os meios ao seu alcance, cooperando para o seu desenvolvimento;<\/li>\n<li>contribuir com taxa de manuten\u00e7\u00e3o anual, com valores e formas de pagamento definidos em assembl\u00e9ia;<\/li>\n<li>acatar as decis\u00f5es da Assembl\u00e9ia Geral.<\/li>\n<\/ol>\n<p style=\"text-align: justify;\"><strong>Artigo 6\u00ba<\/strong> \u2013 os membros da associa\u00e7\u00e3o n\u00e3o respondem subsidiariamente pelas obriga\u00e7\u00f5es sociais.<\/p>\n<p style=\"text-align: justify;\"><strong>\u00a0<br \/>\n <\/strong><span style=\"font-size: 20px;\"><strong>CAP\u00cdTULO III \u2013 DIRETORIA<\/strong><\/span><\/p>\n<p style=\"text-align: justify;\"><strong>Artigo 7\u00ba \u2013<\/strong> A associa\u00e7\u00e3o ser\u00e1 dirigida por uma Diretoria eleita pelos seus s\u00f3cios, para um per\u00edodo de dois anos, podendo ser reconduzida por um mandato.<\/p>\n<ul style=\"text-align: justify;\">\n<li>1<sup>o<\/sup> \u2013 A elei\u00e7\u00e3o ser\u00e1 realizada bienalmente por uma comiss\u00e3o eleita em Assembl\u00e9ia para tal fim, constitu\u00edda por tr\u00eas membros, sendo um dos quais da Diretoria em exerc\u00edcio e os outros dois s\u00f3cios.<\/li>\n<li>2<sup>o<\/sup> \u2013 A vota\u00e7\u00e3o ser\u00e1 realizada em data previamente definida e divulgada pela comiss\u00e3o e assegurado o direito de sigilo do voto.<\/li>\n<\/ul>\n<p style=\"text-align: justify;\"><strong>Par\u00e1grafo \u00danico:<\/strong> A elei\u00e7\u00e3o para a primeira diretoria da SPQMH (bi\u00eanio 2003\/2004) se far\u00e1 por aclama\u00e7\u00e3o.<\/p>\n<p style=\"text-align: justify;\"><strong>Artigo 8\u00ba <\/strong>\u2013 A Diretoria ser\u00e1 composta pelos seguintes cargos diretores: Presidente, Vice-Presidente, Secret\u00e1rio Geral, Diretor Financeiro, Vice-Diretor Financeiro, Diretor Cient\u00edfico, Vice-Diretor Cient\u00edfico, Diretor de Eventos e Vice-Diretor de Eventos.<\/p>\n<p style=\"text-align: justify;\"><strong>Artigo 9\u00ba <\/strong>\u2013 Compete ao Presidente:<\/p>\n<ol style=\"text-align: justify;\">\n<li>em conjunto com o Diretor Financeiro, representar a associa\u00e7\u00e3o ativa e passivamente, judicial e extrajudicialmente;<\/li>\n<li>presidir as reuni\u00f5es da Diretoria e da Assembl\u00e9ia Geral;<\/li>\n<li>assinar cheques pela associa\u00e7\u00e3o, em conjunto com o Diretor Financeiro;<\/li>\n<li>Propor conjuntamente com o Diretor Cient\u00edfico cronograma de reuni\u00f5es peri\u00f3dicas e eventos.<\/li>\n<\/ol>\n<p style=\"text-align: justify;\"><strong>Artigo 10\u00ba <\/strong>\u2013 Compete ao Vice-Presidente:<\/p>\n<ol style=\"text-align: justify;\">\n<li>substituir o Presidente em seus impedimentos;<\/li>\n<li>auxiliar o Presidente em suas atribui\u00e7\u00f5es.<\/li>\n<\/ol>\n<p style=\"text-align: justify;\"><strong>Artigo 11\u00ba<\/strong> \u2013 Compete ao Secret\u00e1rio Geral:<\/p>\n<ol style=\"text-align: justify;\">\n<li>substituir o Vice-Presidente em seus impedimentos;<\/li>\n<li>secretariar as reuni\u00f5es da Diretoria e da Assembl\u00e9ia Geral;<\/li>\n<\/ol>\n<p style=\"text-align: justify;\"><strong>Artigo 12\u00ba<\/strong> \u2013 Compete ao Diretor Financeiro:<\/p>\n<ol style=\"text-align: justify;\">\n<li>arrecadar contribui\u00e7\u00e3o da taxa de manuten\u00e7\u00e3o anual, taxas de inscri\u00e7\u00e3o em eventos organizados por esta associa\u00e7\u00e3o e demais contribui\u00e7\u00f5es;<\/li>\n<li>administrar o patrim\u00f4nio da associa\u00e7\u00e3o de acordo com as normas baixadas pela Diretoria;<\/li>\n<li>organizar livros e documentos financeiros da associa\u00e7\u00e3o;<\/li>\n<li>elaborar no final de cada exerc\u00edcio os balancetes anuais;<\/li>\n<li>elaborar o plano anual de trabalho na parte referente a aquisi\u00e7\u00e3o e aplica\u00e7\u00e3o de recursos;<\/li>\n<li>dar parecer por escrito e a pedido da Presid\u00eancia sobre as resolu\u00e7\u00f5es que afetem as finan\u00e7as da associa\u00e7\u00e3o;<\/li>\n<li>assinar cheques, pela associa\u00e7\u00e3o, em conjunto com o Presidente;<\/li>\n<li>em conjunto com o Presidente, representar a associa\u00e7\u00e3o ativa e passivamente, judicial e extrajudicialmente.<\/li>\n<\/ol>\n<p style=\"text-align: justify;\"><strong>Artigo 13\u00ba<\/strong> \u2013 Compete ao Vice-Diretor Financeiro:<\/p>\n<ol style=\"text-align: justify;\">\n<li>substituir o Diretor Financeiro em seus impedimentos.<\/li>\n<li>auxiliar o Diretor Financeiro em suas atribui\u00e7\u00f5es.<\/li>\n<\/ol>\n<p style=\"text-align: justify;\"><strong>Artigo 14\u00ba<\/strong> \u2013 Compete ao Diretor Cient\u00edfico:<\/p>\n<ol style=\"text-align: justify;\">\n<li>aprovar os trabalhos a serem publicados pela associa\u00e7\u00e3o;<\/li>\n<li>tomar as providencias necess\u00e1rias para a efetivar as publica\u00e7\u00f5es aprovadas;<\/li>\n<li>cuidar do recebimento pela associa\u00e7\u00e3o das publica\u00e7\u00f5es nacionais e internacionais referentes a pesquisa qualitativa e motricidade humana;<\/li>\n<li>organizar arquivo da documenta\u00e7\u00e3o cient\u00edfica, textos, artigos, peri\u00f3dicos, v\u00eddeos e cong\u00eaneres da associa\u00e7\u00e3o;<\/li>\n<li>propor conjuntamente com o Presidente cronograma de reuni\u00f5es peri\u00f3dicas e eventos.<\/li>\n<\/ol>\n<p style=\"text-align: justify;\"><strong>Artigo 15<sup>o<\/sup><\/strong> \u2013 Compete ao Vice-Diretor Cient\u00edfico:<\/p>\n<ol style=\"text-align: justify;\">\n<li>substituir o Diretor Cient\u00edfico em seus impedimentos;<\/li>\n<li>auxiliar o Diretor Cient\u00edfico em suas atribui\u00e7\u00f5es.<\/li>\n<\/ol>\n<p style=\"text-align: justify;\"><strong>Artigo 16<sup>o<\/sup><\/strong> \u2013 Compete ao Diretor de Eventos:<\/p>\n<ol style=\"text-align: justify;\">\n<li>organizar as reuni\u00f5es cientificas e culturais peri\u00f3dicas;<\/li>\n<li>organizar eventos bianuais de pesquisa qualitativa e motricidade humana;<\/li>\n<li>divulgar a associa\u00e7\u00e3o e seus eventos.<\/li>\n<\/ol>\n<p style=\"text-align: justify;\"><strong>Artigo 17<sup>o<\/sup><\/strong> \u2013 Compete ao Vice-Diretor de Eventos:<\/p>\n<ol style=\"text-align: justify;\">\n<li>substituir o Diretor de Eventos;<\/li>\n<li>auxiliar o Diretor de Eventos em suas atribui\u00e7\u00f5es.<\/li>\n<\/ol>\n<p style=\"text-align: justify;\"><strong>Artigo 18\u00ba<\/strong> \u2013 Nenhum membro da Diretoria ser\u00e1 remunerado para o desempenho das suas fun\u00e7\u00f5es e respectivas atribui\u00e7\u00f5es.<\/p>\n<p style=\"text-align: justify;\"><strong>Par\u00e1grafo \u00danico: <\/strong>A diretoria poder\u00e1 ser assessorada por comiss\u00e3o eleita em assembl\u00e9ia em caso de eventual necessidade com defini\u00e7\u00e3o e dura\u00e7\u00e3o da atividade a ser desenvolvida prevista para sua execu\u00e7\u00e3o.<\/p>\n<p><span style=\"font-size: 20px;\"><strong><br \/>\n CAP\u00cdTULO IV \u2013 DA ASSEMBL\u00c9IA GERAL<\/strong><\/span><\/p>\n<p style=\"text-align: justify;\"><strong>Artigo 19<sup>o<\/sup><\/strong> \u2013 As Assembl\u00e9ias Gerais ser\u00e3o ordin\u00e1rias, com uma reuni\u00e3o semestral preferencialmente nos meses de mar\u00e7o e agosto, para:<\/p>\n<ol style=\"text-align: justify;\">\n<li>aprovar contas;<\/li>\n<li>eleger os membros de eventual comiss\u00e3o assessora;<\/li>\n<li>apreciar as linhas diretrizes da associa\u00e7\u00e3o;<\/li>\n<li>aprovar o cronograma de reuni\u00f5es peri\u00f3dicas e eventos propostos pelo Presidente e Diretor Cient\u00edfico.<\/li>\n<\/ol>\n<p style=\"text-align: justify;\"><strong>Par\u00e1grafo \u00danico:<\/strong> As Assembl\u00e9ias Ordin\u00e1rias ser\u00e3o convocadas pelo Presidente da associa\u00e7\u00e3o ou por 2\/3 dos s\u00f3cios.<\/p>\n<p style=\"text-align: justify;\"><strong>Artigo 20<sup>o<\/sup><\/strong> \u2013 As Assembl\u00e9ias Gerais ser\u00e3o extraordin\u00e1rias sempre que os interesses da associa\u00e7\u00e3o exigir o pronunciamento dos s\u00f3cios, para reformar os estatutos, para extinguir a associa\u00e7\u00e3o, atender a renuncia da Diretoria em exerc\u00edcio quando este for o caso.<\/p>\n<p style=\"text-align: justify;\"><strong>Par\u00e1grafo \u00danico: <\/strong>As Assembl\u00e9ias Extraordin\u00e1rias ser\u00e3o convocadas pelo Presidente da associa\u00e7\u00e3o ou por 2\/3 dos s\u00f3cios.<\/p>\n<p style=\"text-align: justify;\"><strong>Artigo 21<sup>o<\/sup><\/strong> \u2013 As Assembl\u00e9ias Gerais ser\u00e3o dirigidas pelo Presidente da associa\u00e7\u00e3o e secretariado pelo Secret\u00e1rio Geral ou um s\u00f3cio presente, os quais compor\u00e3o a mesa que dirigir\u00e1 os respectivos trabalhos.<\/p>\n<p style=\"text-align: justify;\"><strong>Par\u00e1grafo \u00danico:<\/strong> Quando o Presidente ou o Vice-Presidente ou o Secret\u00e1rio Geral n\u00e3o estiverem presentes \u00e0 Assembl\u00e9ia Geral esta ser\u00e1 dirigida por um dos s\u00f3cios presentes, eleito pela pr\u00f3pria Assembl\u00e9ia.<\/p>\n<p style=\"text-align: justify;\"><strong>Artigo 22<sup>o<\/sup><\/strong> \u2013 A Assembl\u00e9ia Geral, com exce\u00e7\u00e3o da Assembl\u00e9ia Geral de Constitui\u00e7\u00e3o da SPQMH, dever\u00e1 ser convocada no m\u00ednimo com 48 horas de anteced\u00eancia, constando da convoca\u00e7\u00e3o a pauta, a data, a hora e o local da realiza\u00e7\u00e3o da mesma.<\/p>\n<p style=\"text-align: justify;\"><strong>Artigo 23<sup>o<\/sup><\/strong> \u2013 A Assembl\u00e9ia Geral ser\u00e1 instalada na hora marcada na convoca\u00e7\u00e3o se estiverem presentes 50% de seus s\u00f3cios.<\/p>\n<p style=\"text-align: justify;\"><strong>Par\u00e1grafo \u00danico:<\/strong> Se n\u00e3o houver \u201cquorum\u201d a Assembl\u00e9ia Geral poder\u00e1 ser realizada meia hora ap\u00f3s a hora marcada na convoca\u00e7\u00e3o com qualquer n\u00famero de s\u00f3cios presentes.<\/p>\n<p><strong>\u00a0<br \/>\n <\/strong><span style=\"font-size: 20px;\"><strong>CAP\u00cdTULO V \u2013 DAS DISPOSI\u00c7\u00d5ES GERAIS E TRANSIT\u00d3RIAS.<\/strong><\/span><\/p>\n<p style=\"text-align: justify;\"><strong>Artigo 24<sup>o<\/sup><\/strong> \u2013 Caber\u00e1 a Assembl\u00e9ia Geral deliberar sobre a transforma\u00e7\u00e3o ou extin\u00e7\u00e3o da associa\u00e7\u00e3o, bem como do destino de seu patrim\u00f4nio remanescente, o qual dever\u00e1 ser destinado prioritariamente ao Departamento de Educa\u00e7\u00e3o F\u00edsica e Motricidade Humana da Universidade Federal de S\u00e3o Carlos e outras que tenham colaborado com esta entidade.<\/p>\n<p style=\"text-align: justify;\"><strong>Artigo 25<sup>o<\/sup><\/strong> \u2013 Os casos omissos no presente estatuto ser\u00e3o resolvidos pela Assembl\u00e9ia Geral e em conformidade com a legisla\u00e7\u00e3o espec\u00edfica em vigor.<\/p>\n<p style=\"text-align: justify;\"><strong>Artigo 26<sup>o<\/sup><\/strong> \u2013 Este estatuto entrar\u00e1 em vigor a partir da data de sua aprova\u00e7\u00e3o pela Assembl\u00e9ia Geral de Constitui\u00e7\u00e3o.<\/p>\n<p style=\"text-align: right;\">S\u00e3o Carlos, 13 de junho de 2003.<\/p>\n","protected":false},"excerpt":{"rendered":"<p>ESTATUTOS DA SOCIEDADE DE PESQUISA QUALITATIVA EM MOTRICIDADE HUMANA CAP\u00cdTULO I \u2013 DENOMINA\u00c7\u00c3O, SEDE, OBJETIVOS E DURA\u00c7\u00c3O Artigo 1\u00ba \u2013 A Sociedade de Pesquisa Qualitativa em Motricidade Humana, doravante tamb\u00e9m denominada SPQMH, \u00e9 uma associa\u00e7\u00e3o civil sem fins lucrativos, com fins educativos e de investiga\u00e7\u00e3o cient\u00edfica, e com prazo de dura\u00e7\u00e3o indeterminado, com sede \u00e0&#8230;<\/p>\n","protected":false},"author":1,"featured_media":0,"parent":67,"menu_order":2,"comment_status":"closed","ping_status":"closed","template":"","meta":{"footnotes":""},"class_list":["post-173","page","type-page","status-publish","hentry"],"yoast_head":"<!-- This site is optimized with the Yoast SEO plugin v27.4 - https:\/\/yoast.com\/product\/yoast-seo-wordpress\/ -->\n<title>Estatutos - 2003 -<\/title>\n<meta name=\"robots\" content=\"index, follow, max-snippet:-1, max-image-preview:large, max-video-preview:-1\" \/>\n<link rel=\"canonical\" href=\"https:\/\/www.motricidades.org\/spqmh\/historico\/estatutos-2003\/\" \/>\n<meta property=\"og:locale\" content=\"pt_BR\" \/>\n<meta property=\"og:type\" content=\"article\" \/>\n<meta property=\"og:title\" content=\"Estatutos - 2003 -\" \/>\n<meta property=\"og:description\" content=\"ESTATUTOS DA SOCIEDADE DE PESQUISA QUALITATIVA EM MOTRICIDADE HUMANA CAP\u00cdTULO I \u2013 DENOMINA\u00c7\u00c3O, SEDE, OBJETIVOS E DURA\u00c7\u00c3O Artigo 1\u00ba \u2013 A Sociedade de Pesquisa Qualitativa em Motricidade Humana, doravante tamb\u00e9m denominada SPQMH, \u00e9 uma associa\u00e7\u00e3o civil sem fins lucrativos, com fins educativos e de investiga\u00e7\u00e3o cient\u00edfica, e com prazo de dura\u00e7\u00e3o indeterminado, com sede \u00e0...\" \/>\n<meta property=\"og:url\" content=\"https:\/\/www.motricidades.org\/spqmh\/historico\/estatutos-2003\/\" \/>\n<meta property=\"article:modified_time\" content=\"2017-06-25T13:09:57+00:00\" \/>\n<meta name=\"twitter:card\" content=\"summary_large_image\" \/>\n<meta name=\"twitter:label1\" content=\"Est. tempo de leitura\" \/>\n\t<meta name=\"twitter:data1\" content=\"7 minutos\" \/>\n<script type=\"application\/ld+json\" class=\"yoast-schema-graph\">{\"@context\":\"https:\\\/\\\/schema.org\",\"@graph\":[{\"@type\":\"WebPage\",\"@id\":\"https:\\\/\\\/www.motricidades.org\\\/spqmh\\\/historico\\\/estatutos-2003\\\/\",\"url\":\"https:\\\/\\\/www.motricidades.org\\\/spqmh\\\/historico\\\/estatutos-2003\\\/\",\"name\":\"Estatutos - 2003 -\",\"isPartOf\":{\"@id\":\"https:\\\/\\\/www.motricidades.org\\\/spqmh\\\/#website\"},\"datePublished\":\"2017-06-25T13:09:18+00:00\",\"dateModified\":\"2017-06-25T13:09:57+00:00\",\"breadcrumb\":{\"@id\":\"https:\\\/\\\/www.motricidades.org\\\/spqmh\\\/historico\\\/estatutos-2003\\\/#breadcrumb\"},\"inLanguage\":\"pt-BR\",\"potentialAction\":[{\"@type\":\"ReadAction\",\"target\":[\"https:\\\/\\\/www.motricidades.org\\\/spqmh\\\/historico\\\/estatutos-2003\\\/\"]}]},{\"@type\":\"BreadcrumbList\",\"@id\":\"https:\\\/\\\/www.motricidades.org\\\/spqmh\\\/historico\\\/estatutos-2003\\\/#breadcrumb\",\"itemListElement\":[{\"@type\":\"ListItem\",\"position\":1,\"name\":\"In\u00edcio\",\"item\":\"https:\\\/\\\/www.motricidades.org\\\/spqmh\\\/\"},{\"@type\":\"ListItem\",\"position\":2,\"name\":\"Hist\u00f3rico\",\"item\":\"https:\\\/\\\/www.motricidades.org\\\/spqmh\\\/\"},{\"@type\":\"ListItem\",\"position\":3,\"name\":\"Estatutos &#8211; 2003\"}]},{\"@type\":\"WebSite\",\"@id\":\"https:\\\/\\\/www.motricidades.org\\\/spqmh\\\/#website\",\"url\":\"https:\\\/\\\/www.motricidades.org\\\/spqmh\\\/\",\"name\":\"\",\"description\":\"SOCIEDADE DE PESQUISA QUALITATIVA EM MOTRICIDADE HUMANA - SPQMH\",\"potentialAction\":[{\"@type\":\"SearchAction\",\"target\":{\"@type\":\"EntryPoint\",\"urlTemplate\":\"https:\\\/\\\/www.motricidades.org\\\/spqmh\\\/?s={search_term_string}\"},\"query-input\":{\"@type\":\"PropertyValueSpecification\",\"valueRequired\":true,\"valueName\":\"search_term_string\"}}],\"inLanguage\":\"pt-BR\"}]}<\/script>\n<!-- \/ Yoast SEO plugin. -->","yoast_head_json":{"title":"Estatutos - 2003 -","robots":{"index":"index","follow":"follow","max-snippet":"max-snippet:-1","max-image-preview":"max-image-preview:large","max-video-preview":"max-video-preview:-1"},"canonical":"https:\/\/www.motricidades.org\/spqmh\/historico\/estatutos-2003\/","og_locale":"pt_BR","og_type":"article","og_title":"Estatutos - 2003 -","og_description":"ESTATUTOS DA SOCIEDADE DE PESQUISA QUALITATIVA EM MOTRICIDADE HUMANA CAP\u00cdTULO I \u2013 DENOMINA\u00c7\u00c3O, SEDE, OBJETIVOS E DURA\u00c7\u00c3O Artigo 1\u00ba \u2013 A Sociedade de Pesquisa Qualitativa em Motricidade Humana, doravante tamb\u00e9m denominada SPQMH, \u00e9 uma associa\u00e7\u00e3o civil sem fins lucrativos, com fins educativos e de investiga\u00e7\u00e3o cient\u00edfica, e com prazo de dura\u00e7\u00e3o indeterminado, com sede \u00e0...","og_url":"https:\/\/www.motricidades.org\/spqmh\/historico\/estatutos-2003\/","article_modified_time":"2017-06-25T13:09:57+00:00","twitter_card":"summary_large_image","twitter_misc":{"Est. tempo de leitura":"7 minutos"},"schema":{"@context":"https:\/\/schema.org","@graph":[{"@type":"WebPage","@id":"https:\/\/www.motricidades.org\/spqmh\/historico\/estatutos-2003\/","url":"https:\/\/www.motricidades.org\/spqmh\/historico\/estatutos-2003\/","name":"Estatutos - 2003 -","isPartOf":{"@id":"https:\/\/www.motricidades.org\/spqmh\/#website"},"datePublished":"2017-06-25T13:09:18+00:00","dateModified":"2017-06-25T13:09:57+00:00","breadcrumb":{"@id":"https:\/\/www.motricidades.org\/spqmh\/historico\/estatutos-2003\/#breadcrumb"},"inLanguage":"pt-BR","potentialAction":[{"@type":"ReadAction","target":["https:\/\/www.motricidades.org\/spqmh\/historico\/estatutos-2003\/"]}]},{"@type":"BreadcrumbList","@id":"https:\/\/www.motricidades.org\/spqmh\/historico\/estatutos-2003\/#breadcrumb","itemListElement":[{"@type":"ListItem","position":1,"name":"In\u00edcio","item":"https:\/\/www.motricidades.org\/spqmh\/"},{"@type":"ListItem","position":2,"name":"Hist\u00f3rico","item":"https:\/\/www.motricidades.org\/spqmh\/"},{"@type":"ListItem","position":3,"name":"Estatutos &#8211; 2003"}]},{"@type":"WebSite","@id":"https:\/\/www.motricidades.org\/spqmh\/#website","url":"https:\/\/www.motricidades.org\/spqmh\/","name":"","description":"SOCIEDADE DE PESQUISA QUALITATIVA EM MOTRICIDADE HUMANA - SPQMH","potentialAction":[{"@type":"SearchAction","target":{"@type":"EntryPoint","urlTemplate":"https:\/\/www.motricidades.org\/spqmh\/?s={search_term_string}"},"query-input":{"@type":"PropertyValueSpecification","valueRequired":true,"valueName":"search_term_string"}}],"inLanguage":"pt-BR"}]}},"_links":{"self":[{"href":"https:\/\/www.motricidades.org\/spqmh\/wp-json\/wp\/v2\/pages\/173","targetHints":{"allow":["GET"]}}],"collection":[{"href":"https:\/\/www.motricidades.org\/spqmh\/wp-json\/wp\/v2\/pages"}],"about":[{"href":"https:\/\/www.motricidades.org\/spqmh\/wp-json\/wp\/v2\/types\/page"}],"author":[{"embeddable":true,"href":"https:\/\/www.motricidades.org\/spqmh\/wp-json\/wp\/v2\/users\/1"}],"replies":[{"embeddable":true,"href":"https:\/\/www.motricidades.org\/spqmh\/wp-json\/wp\/v2\/comments?post=173"}],"version-history":[{"count":2,"href":"https:\/\/www.motricidades.org\/spqmh\/wp-json\/wp\/v2\/pages\/173\/revisions"}],"predecessor-version":[{"id":175,"href":"https:\/\/www.motricidades.org\/spqmh\/wp-json\/wp\/v2\/pages\/173\/revisions\/175"}],"up":[{"embeddable":true,"href":"https:\/\/www.motricidades.org\/spqmh\/wp-json\/wp\/v2\/pages\/67"}],"wp:attachment":[{"href":"https:\/\/www.motricidades.org\/spqmh\/wp-json\/wp\/v2\/media?parent=173"}],"curies":[{"name":"wp","href":"https:\/\/api.w.org\/{rel}","templated":true}]}}