{"id":229,"date":"2017-06-25T19:37:35","date_gmt":"2017-06-25T22:37:35","guid":{"rendered":"http:\/\/www.motricidades.org\/spqmh\/?page_id=229"},"modified":"2017-06-30T22:49:50","modified_gmt":"2017-07-01T01:49:50","slug":"jose-machado-pais","status":"publish","type":"page","link":"https:\/\/www.motricidades.org\/spqmh\/biografias\/jose-machado-pais\/","title":{"rendered":"Jos\u00e9 Machado Pais"},"content":{"rendered":"<p align=\"center\"><img decoding=\"async\" src=\"https:\/\/www.motricidades.org\/spqmh\/wp-content\/uploads\/machadopais.jpg\" \/><\/p>\n<p align=\"justify\"><span class=\"style2\">Lic<\/span><span class=\"style4\">enciado em Economia e Doutorado em Sociologia, \u00e9 <em>Investigador Coordenador <\/em>do Instituto de Ci\u00eancias Sociais (ICS) da Universidade de Lisboa e <em>Professor Convidado <\/em>do ISCTE, onde tem lecionado Sociologia da Vida Quotidiana.<\/span><\/p>\n<p align=\"justify\"><span class=\"style4\">Tem sido consultor da Comunidade Europ\u00e9ia e do Conselho da Europa em quest\u00f5es de Juventude. Coordena o Observat\u00f3rio Permanente da Juventude Portuguesa sediado no Instituto de Ci\u00eancias Sociais, com o apoio do Instituto Portugu\u00eas da Juventude. Foi Vice-Presidente do <em>Youth Directorate <\/em>do Conselho da Europa.<\/span><\/p>\n<div class=\"style3\" align=\"justify\">\n<p class=\"style4\">\u00c9 representante eleito dos investigadores do Instituto de Ci\u00eancias Sociais no Senado da Universidade de Lisboa, participando no Conselho Cient\u00edfico de v\u00e1rias institui\u00e7\u00f5es: ICS; ISCTE; World Leisure and Recreation Association&#8217;s International Centre of Excellence (WICE), Holanda; Observat\u00f3rio das Atividades Culturais.<\/p>\n<p class=\"style4\"><span class=\"style4\">Tem participado em v\u00e1rias redes internacionais de investiga\u00e7\u00e3o ( <em>Research into Youth Matters Group, European Community Youth Exchange Bureau, Task Force Human Resources, Education, Training and Youth; \u00abNetwork on Transitions in Youth\u00bb, <\/em>European Science Foundation; Europ\u00e4isch Gesellschaft f\u00fcr Regionale und Internationale Socialforschung, etc.) e em diversas associa\u00e7\u00f5es cient\u00edficas (Associa\u00e7\u00e3o Portuguesa de Sociologia, International Sociological Association, Leisure Studies Association, etc.).<\/span><\/p>\n<p class=\"style4\"><span class=\"style4\">Tem sido Professor Visitante em v\u00e1rias universidades europ\u00e9ias e sul-americanas.<\/span><\/p>\n<p class=\"style4\"><span class=\"style4\">Orientou e arguiu mais de meia centena de teses de licenciatura, mestrado e doutoramento, em Portugal e no estrangeiro.<\/span><\/p>\n<p class=\"style4\"><span class=\"style4\">Foi Diretor da Imprensa de Ci\u00eancias Sociais \u00a0e \u00e9 presentemente Diretor da An\u00e1lise Social<\/span><\/p>\n<p class=\"style4\"><span class=\"style4\">Recebeu o Pr\u00e9mio Gulbenkian de Ci\u00eancias Sociais, em 2003.<\/span><\/p>\n<p class=\"style4\"><span class=\"style4\">Apresentou cerca de uma centena de confer\u00eancias e comunica\u00e7\u00f5es em semin\u00e1rios e congressos internacionais e tem mais de uma centena de publica\u00e7\u00f5es em diversas l\u00ednguas (Portugu\u00eas, Ingl\u00eas, Franc\u00eas, Castelhano, Alem\u00e3o, Holand\u00eas e Chin\u00eas). De entre as suas publica\u00e7\u00f5es destacam-se:<\/span><\/p>\n<p class=\"style4\"><span class=\"style4\">\u2022 A Prostitui\u00e7\u00e3o e a Lisboa Bo\u00e9mia do s\u00e9c. XIX aos In\u00edcios do s\u00e9c. XX , Editorial Querco, Lisboa, 1985.<\/span><\/p>\n<p class=\"style4\"><span class=\"style4\">\u2022 Artes de Amar da Burguesia. A Imagem da Mulher e os Rituais de Galanteria nos Meios Burgueses do S\u00e9c. XIX em Portugal , Instituto de Ci\u00eancias Sociais da Universidade de Lisboa, Colec\u00e7\u00e3o Ensaios e Aproxima\u00e7\u00f5es, Lisboa, 1986.<\/span><\/p>\n<p class=\"style4\"><span class=\"style4\">\u2022 Culturas Juvenis, Imprensa Nacional-Casa da Moeda, Lisboa, 1993 (2\u00aa reimpress\u00e3o em 1995; 2\u00aa edi\u00e7\u00e3o, 3\u00aa reimpress\u00e3o em 2003).<\/span><\/p>\n<p class=\"style4\"><span class=\"style4\">\u2022 Sousa Martins e suas Mem\u00f3rias Sociais. Sociologia de uma Cren\u00e7a Popular, Gradiva, Lisboa, 1994.<\/span><\/p>\n<p class=\"style4\"><span class=\"style4\">\u2022 Jovens Portugueses de Hoje (Co-coordena\u00e7\u00e3o), SEJ\/CELTA, Lisboa, 1998.<\/span><\/p>\n<p class=\"style4\"><span class=\"style4\">\u2022 Gera\u00e7\u00f5es e Valores na Sociedade Portuguesa Contempor\u00e2nea (Coordena\u00e7\u00e3o cient\u00edfica), SEJ\/ICS, Lisboa, 1999.<\/span><\/p>\n<p class=\"style4\"><span class=\"style4\">\u2022 Tra\u00e7os e Riscos de Vida. Uma Aproxima\u00e7\u00e3o Qualitativa a Modos de Vida Juvenis (Coordena\u00e7\u00e3o), Ambar, Porto, 1999 (2\u00aa edi\u00e7\u00e3o em 2000).<\/span><\/p>\n<p class=\"style4\"><span class=\"style4\">\u2022 Consci\u00eancia Hist\u00f3rica e Identidade &#8211; Os Jovens Portugueses num Contexto Europeu , SEJ\/CELTA, Lisboa, 1999.<\/span><\/p>\n<p class=\"style4\"><span class=\"style4\">\u2022 Ganchos, Tachos e Biscates. Jovens, Trabalho e Futuro , Ambar, Porto, 2001 (2\u00aa edi\u00e7\u00e3o em 2003).<\/span><\/p>\n<p class=\"style4\"><span class=\"style4\">\u2022 Sociologia da Vida Quotidiana. Teorias, M\u00e9todos e Estudos de Caso, Lisboa, Imprensa de Ci\u00eancias Sociais, 2002.<\/span><\/p>\n<p class=\"style4\"><span class=\"style4\">\u2022 Vida Cotidiana: Enigmas e Revela\u00e7\u00f5es , Cortez, S\u00e3o Paulo, 2003.<\/span><\/p>\n<p class=\"style4\"><span class=\"style4\">\u2022 Condutas de Risco, Pr\u00e1ticas Culturais e Atitudes Perante o Corpo. Inqu\u00e9rito aos Jovens Portugueses , em colabora\u00e7\u00e3o, Celta, Oeiras, 2004.<\/span><\/p>\n<p class=\"style4\"><span class=\"style4\">\u2022 The Multiple Faces of the Future in the Labyrinth of Life , <em>Journal of Youth Studies <\/em>, Vol. 6, No. 2, 2003.<\/span><\/p>\n<p class=\"style4\">\u2022 Tribos Urbanas &#8211; Produ\u00e7\u00e3o art\u00edstica e identidades , Lisboa, Imprensa de Ci\u00eancias Sociais, 2004.<\/p>\n<\/div>\n<p class=\"style2\" align=\"justify\"><strong><br \/>\n\u00c1REAS DE INVESTIGA\u00c7\u00c3O<\/strong><\/p>\n<div align=\"justify\">\n<ul class=\"style3\">\n<li class=\"style3\"><span class=\"style4\">Sociologia da Vida Quotidiana<\/span><\/li>\n<li class=\"style3\"><span class=\"style4\">Metodologias e Teorias Sociol\u00f3gicas<\/span><\/li>\n<li class=\"style3\"><span class=\"style4\">Sociologia da Juventude<\/span><\/li>\n<li class=\"style3\"><span class=\"style4\">Sociologia da Cultura<\/span><\/li>\n<li class=\"style3\"><span class=\"style4\">Sociologia do Lazer<\/span><\/li>\n<li class=\"style3\"><span class=\"style2\">Hist\u00f3ria Econ\u00f4mica e Social<\/span><span style=\"font-family: Verdana; font-size: medium;\"><b><br \/>\n<\/b><\/span><\/li>\n<\/ul>\n<p class=\"style2\"><strong>Informa\u00e7\u00f5es extra\u00eddas do site do Instituto de Ci\u00eancias Sociais da Universidade de Lisboa (ICS\/UL):<\/strong> http:\/\/www.ics.ul.pt\/corpocientifico\/josemachadopais\/<br \/>\n<strong>Acesso em:<\/strong> 01\/04\/2005<\/p>\n<p class=\"style2\">\u00a0<\/p>\n<\/div>\n","protected":false},"excerpt":{"rendered":"<p>Licenciado em Economia e Doutorado em Sociologia, \u00e9 Investigador Coordenador do Instituto de Ci\u00eancias Sociais (ICS) da Universidade de Lisboa e Professor Convidado do ISCTE, onde tem lecionado Sociologia da Vida Quotidiana. Tem sido consultor da Comunidade Europ\u00e9ia e do Conselho da Europa em quest\u00f5es de Juventude. Coordena o Observat\u00f3rio Permanente da Juventude Portuguesa sediado&#8230;<\/p>\n","protected":false},"author":1,"featured_media":0,"parent":223,"menu_order":3,"comment_status":"closed","ping_status":"closed","template":"","meta":{"footnotes":""},"class_list":["post-229","page","type-page","status-publish","hentry"],"yoast_head":"<!-- This site is optimized with the Yoast SEO plugin v27.4 - https:\/\/yoast.com\/product\/yoast-seo-wordpress\/ -->\n<title>Jos\u00e9 Machado Pais -<\/title>\n<meta name=\"robots\" content=\"index, follow, max-snippet:-1, max-image-preview:large, max-video-preview:-1\" \/>\n<link rel=\"canonical\" href=\"https:\/\/www.motricidades.org\/spqmh\/biografias\/jose-machado-pais\/\" \/>\n<meta property=\"og:locale\" content=\"pt_BR\" \/>\n<meta property=\"og:type\" content=\"article\" \/>\n<meta property=\"og:title\" content=\"Jos\u00e9 Machado Pais -\" \/>\n<meta property=\"og:description\" content=\"Licenciado em Economia e Doutorado em Sociologia, \u00e9 Investigador Coordenador do Instituto de Ci\u00eancias Sociais (ICS) da Universidade de Lisboa e Professor Convidado do ISCTE, onde tem lecionado Sociologia da Vida Quotidiana. Tem sido consultor da Comunidade Europ\u00e9ia e do Conselho da Europa em quest\u00f5es de Juventude. Coordena o Observat\u00f3rio Permanente da Juventude Portuguesa sediado...\" \/>\n<meta property=\"og:url\" content=\"https:\/\/www.motricidades.org\/spqmh\/biografias\/jose-machado-pais\/\" \/>\n<meta property=\"article:modified_time\" content=\"2017-07-01T01:49:50+00:00\" \/>\n<meta property=\"og:image\" content=\"http:\/\/www.motricidades.org\/spqmh\/wp-content\/uploads\/machadopais.jpg\" \/>\n<meta name=\"twitter:card\" content=\"summary_large_image\" \/>\n<meta name=\"twitter:label1\" content=\"Est. tempo de leitura\" \/>\n\t<meta name=\"twitter:data1\" content=\"3 minutos\" \/>\n<script type=\"application\/ld+json\" class=\"yoast-schema-graph\">{\"@context\":\"https:\\\/\\\/schema.org\",\"@graph\":[{\"@type\":\"WebPage\",\"@id\":\"https:\\\/\\\/www.motricidades.org\\\/spqmh\\\/biografias\\\/jose-machado-pais\\\/\",\"url\":\"https:\\\/\\\/www.motricidades.org\\\/spqmh\\\/biografias\\\/jose-machado-pais\\\/\",\"name\":\"Jos\u00e9 Machado Pais -\",\"isPartOf\":{\"@id\":\"https:\\\/\\\/www.motricidades.org\\\/spqmh\\\/#website\"},\"primaryImageOfPage\":{\"@id\":\"https:\\\/\\\/www.motricidades.org\\\/spqmh\\\/biografias\\\/jose-machado-pais\\\/#primaryimage\"},\"image\":{\"@id\":\"https:\\\/\\\/www.motricidades.org\\\/spqmh\\\/biografias\\\/jose-machado-pais\\\/#primaryimage\"},\"thumbnailUrl\":\"http:\\\/\\\/www.motricidades.org\\\/spqmh\\\/wp-content\\\/uploads\\\/machadopais.jpg\",\"datePublished\":\"2017-06-25T22:37:35+00:00\",\"dateModified\":\"2017-07-01T01:49:50+00:00\",\"breadcrumb\":{\"@id\":\"https:\\\/\\\/www.motricidades.org\\\/spqmh\\\/biografias\\\/jose-machado-pais\\\/#breadcrumb\"},\"inLanguage\":\"pt-BR\",\"potentialAction\":[{\"@type\":\"ReadAction\",\"target\":[\"https:\\\/\\\/www.motricidades.org\\\/spqmh\\\/biografias\\\/jose-machado-pais\\\/\"]}]},{\"@type\":\"ImageObject\",\"inLanguage\":\"pt-BR\",\"@id\":\"https:\\\/\\\/www.motricidades.org\\\/spqmh\\\/biografias\\\/jose-machado-pais\\\/#primaryimage\",\"url\":\"http:\\\/\\\/www.motricidades.org\\\/spqmh\\\/wp-content\\\/uploads\\\/machadopais.jpg\",\"contentUrl\":\"http:\\\/\\\/www.motricidades.org\\\/spqmh\\\/wp-content\\\/uploads\\\/machadopais.jpg\"},{\"@type\":\"BreadcrumbList\",\"@id\":\"https:\\\/\\\/www.motricidades.org\\\/spqmh\\\/biografias\\\/jose-machado-pais\\\/#breadcrumb\",\"itemListElement\":[{\"@type\":\"ListItem\",\"position\":1,\"name\":\"In\u00edcio\",\"item\":\"https:\\\/\\\/www.motricidades.org\\\/spqmh\\\/\"},{\"@type\":\"ListItem\",\"position\":2,\"name\":\"Biografias\",\"item\":\"https:\\\/\\\/www.motricidades.org\\\/spqmh\\\/biografias\\\/\"},{\"@type\":\"ListItem\",\"position\":3,\"name\":\"Jos\u00e9 Machado Pais\"}]},{\"@type\":\"WebSite\",\"@id\":\"https:\\\/\\\/www.motricidades.org\\\/spqmh\\\/#website\",\"url\":\"https:\\\/\\\/www.motricidades.org\\\/spqmh\\\/\",\"name\":\"\",\"description\":\"SOCIEDADE DE PESQUISA QUALITATIVA EM MOTRICIDADE HUMANA - SPQMH\",\"potentialAction\":[{\"@type\":\"SearchAction\",\"target\":{\"@type\":\"EntryPoint\",\"urlTemplate\":\"https:\\\/\\\/www.motricidades.org\\\/spqmh\\\/?s={search_term_string}\"},\"query-input\":{\"@type\":\"PropertyValueSpecification\",\"valueRequired\":true,\"valueName\":\"search_term_string\"}}],\"inLanguage\":\"pt-BR\"}]}<\/script>\n<!-- \/ Yoast SEO plugin. -->","yoast_head_json":{"title":"Jos\u00e9 Machado Pais -","robots":{"index":"index","follow":"follow","max-snippet":"max-snippet:-1","max-image-preview":"max-image-preview:large","max-video-preview":"max-video-preview:-1"},"canonical":"https:\/\/www.motricidades.org\/spqmh\/biografias\/jose-machado-pais\/","og_locale":"pt_BR","og_type":"article","og_title":"Jos\u00e9 Machado Pais -","og_description":"Licenciado em Economia e Doutorado em Sociologia, \u00e9 Investigador Coordenador do Instituto de Ci\u00eancias Sociais (ICS) da Universidade de Lisboa e Professor Convidado do ISCTE, onde tem lecionado Sociologia da Vida Quotidiana. Tem sido consultor da Comunidade Europ\u00e9ia e do Conselho da Europa em quest\u00f5es de Juventude. Coordena o Observat\u00f3rio Permanente da Juventude Portuguesa sediado...","og_url":"https:\/\/www.motricidades.org\/spqmh\/biografias\/jose-machado-pais\/","article_modified_time":"2017-07-01T01:49:50+00:00","og_image":[{"url":"http:\/\/www.motricidades.org\/spqmh\/wp-content\/uploads\/machadopais.jpg","type":"","width":"","height":""}],"twitter_card":"summary_large_image","twitter_misc":{"Est. tempo de leitura":"3 minutos"},"schema":{"@context":"https:\/\/schema.org","@graph":[{"@type":"WebPage","@id":"https:\/\/www.motricidades.org\/spqmh\/biografias\/jose-machado-pais\/","url":"https:\/\/www.motricidades.org\/spqmh\/biografias\/jose-machado-pais\/","name":"Jos\u00e9 Machado Pais -","isPartOf":{"@id":"https:\/\/www.motricidades.org\/spqmh\/#website"},"primaryImageOfPage":{"@id":"https:\/\/www.motricidades.org\/spqmh\/biografias\/jose-machado-pais\/#primaryimage"},"image":{"@id":"https:\/\/www.motricidades.org\/spqmh\/biografias\/jose-machado-pais\/#primaryimage"},"thumbnailUrl":"http:\/\/www.motricidades.org\/spqmh\/wp-content\/uploads\/machadopais.jpg","datePublished":"2017-06-25T22:37:35+00:00","dateModified":"2017-07-01T01:49:50+00:00","breadcrumb":{"@id":"https:\/\/www.motricidades.org\/spqmh\/biografias\/jose-machado-pais\/#breadcrumb"},"inLanguage":"pt-BR","potentialAction":[{"@type":"ReadAction","target":["https:\/\/www.motricidades.org\/spqmh\/biografias\/jose-machado-pais\/"]}]},{"@type":"ImageObject","inLanguage":"pt-BR","@id":"https:\/\/www.motricidades.org\/spqmh\/biografias\/jose-machado-pais\/#primaryimage","url":"http:\/\/www.motricidades.org\/spqmh\/wp-content\/uploads\/machadopais.jpg","contentUrl":"http:\/\/www.motricidades.org\/spqmh\/wp-content\/uploads\/machadopais.jpg"},{"@type":"BreadcrumbList","@id":"https:\/\/www.motricidades.org\/spqmh\/biografias\/jose-machado-pais\/#breadcrumb","itemListElement":[{"@type":"ListItem","position":1,"name":"In\u00edcio","item":"https:\/\/www.motricidades.org\/spqmh\/"},{"@type":"ListItem","position":2,"name":"Biografias","item":"https:\/\/www.motricidades.org\/spqmh\/biografias\/"},{"@type":"ListItem","position":3,"name":"Jos\u00e9 Machado Pais"}]},{"@type":"WebSite","@id":"https:\/\/www.motricidades.org\/spqmh\/#website","url":"https:\/\/www.motricidades.org\/spqmh\/","name":"","description":"SOCIEDADE DE PESQUISA QUALITATIVA EM MOTRICIDADE HUMANA - SPQMH","potentialAction":[{"@type":"SearchAction","target":{"@type":"EntryPoint","urlTemplate":"https:\/\/www.motricidades.org\/spqmh\/?s={search_term_string}"},"query-input":{"@type":"PropertyValueSpecification","valueRequired":true,"valueName":"search_term_string"}}],"inLanguage":"pt-BR"}]}},"_links":{"self":[{"href":"https:\/\/www.motricidades.org\/spqmh\/wp-json\/wp\/v2\/pages\/229","targetHints":{"allow":["GET"]}}],"collection":[{"href":"https:\/\/www.motricidades.org\/spqmh\/wp-json\/wp\/v2\/pages"}],"about":[{"href":"https:\/\/www.motricidades.org\/spqmh\/wp-json\/wp\/v2\/types\/page"}],"author":[{"embeddable":true,"href":"https:\/\/www.motricidades.org\/spqmh\/wp-json\/wp\/v2\/users\/1"}],"replies":[{"embeddable":true,"href":"https:\/\/www.motricidades.org\/spqmh\/wp-json\/wp\/v2\/comments?post=229"}],"version-history":[{"count":3,"href":"https:\/\/www.motricidades.org\/spqmh\/wp-json\/wp\/v2\/pages\/229\/revisions"}],"predecessor-version":[{"id":351,"href":"https:\/\/www.motricidades.org\/spqmh\/wp-json\/wp\/v2\/pages\/229\/revisions\/351"}],"up":[{"embeddable":true,"href":"https:\/\/www.motricidades.org\/spqmh\/wp-json\/wp\/v2\/pages\/223"}],"wp:attachment":[{"href":"https:\/\/www.motricidades.org\/spqmh\/wp-json\/wp\/v2\/media?parent=229"}],"curies":[{"name":"wp","href":"https:\/\/api.w.org\/{rel}","templated":true}]}}