{"id":2315,"date":"2023-08-11T16:21:34","date_gmt":"2023-08-11T19:21:34","guid":{"rendered":"https:\/\/www.motricidades.org\/spqmh\/?page_id=2315"},"modified":"2023-08-12T09:57:37","modified_gmt":"2023-08-12T12:57:37","slug":"naldeia","status":"publish","type":"page","link":"https:\/\/www.motricidades.org\/spqmh\/naldeia\/","title":{"rendered":"NALDEIA"},"content":{"rendered":"\n<p style=\"text-align: center;\"><strong>N\u00facleo de A\u00e7\u00e3o Libertadora Decolonial e Estudos de Indiagem Abiayala<\/strong><\/p>\n<p><img loading=\"lazy\" decoding=\"async\" class=\" wp-image-2321 aligncenter\" src=\"https:\/\/www.motricidades.org\/spqmh\/wp-content\/uploads\/Logo-NALDEIA-300x298.jpg\" alt=\"\" width=\"201\" height=\"199\" srcset=\"https:\/\/www.motricidades.org\/spqmh\/wp-content\/uploads\/Logo-NALDEIA-300x298.jpg 300w, https:\/\/www.motricidades.org\/spqmh\/wp-content\/uploads\/Logo-NALDEIA-150x150.jpg 150w, https:\/\/www.motricidades.org\/spqmh\/wp-content\/uploads\/Logo-NALDEIA.jpg 645w\" sizes=\"auto, (max-width: 201px) 100vw, 201px\" \/><\/p>\n<p>O &#8220;N\u00facleo de A\u00e7\u00e3o Libertadora Decolonial e Estudos de Indiagem Abiayala&#8221; (NALDEIA) iniciou seus trabalhos em junho de 2023 a partir de di\u00e1logos entre Professores\/as e Estudantes Ind\u00edgenas e N\u00e3o Ind\u00edgenas vinculados a Universidade Federal de S\u00e3o Carlos (UFSCar), sobretudo ao Centro de Culturas Ind\u00edgenas (CCI), empenhados\/as em fortalecer pessoas, identidades, filosofias, estudos (inclusive envolvendo ingresso e perman\u00eancia na gradua\u00e7\u00e3o e p\u00f3s-gradua\u00e7\u00e3o), da comunidade ind\u00edgena participante da UFSCar, pautados nos princ\u00edpios do bem-viver, da ecologia de saberes, da decolonialidade, da interculturalidade e das a\u00e7\u00f5es afirmativas. Tem como praxe a realiza\u00e7\u00e3o de uma reuni\u00e3o presencial na \u00faltima segunda-feira de cada m\u00eas, entre 18 e 20h.<\/p>\n<p><strong>Para acessar a p\u00e1gina do Grupo no Diret\u00f3rio do CNPq,\u00a0<a href=\"https:\/\/dgp.cnpq.br\/dgp\/espelhogrupo\/2811267514270615\">clique aqui<\/a>.<\/strong><\/p>\n<h1 class=\"entry-title\" style=\"text-align: center;\"><span style=\"color: #000000;\"><strong>Linhas de Pesquisa<\/strong><\/span><\/h1>\n<p><strong>Estudos de Indiagem<br \/><\/strong>Estudo dos processos de afirma\u00e7\u00e3o e reafirma\u00e7\u00e3o das identidades ind\u00edgenas e do sentimento de pertencimento as comunidades ind\u00edgenas. Fortalecimento dos princ\u00edpios do bem-viver, da ecologia de saberes, da decolonialidade e das a\u00e7\u00f5es afirmativas.<\/p>\n<p><strong>Pr\u00e1ticas Sociais Ind\u00edgenas e Processos Educativos<br \/><\/strong>Pesquisas em pr\u00e1ticas sociais ind\u00edgenas de: combate ao racismo, educa\u00e7\u00e3o e pol\u00edtica ambiental, educa\u00e7\u00e3o ind\u00edgena diferenciada. Identifica\u00e7\u00e3o e compreens\u00e3o de processos educativos pr\u00f3prios destas pr\u00e1ticas, do educar e educar-se constituindo os\/as pesquisadores\/as e participantes das pesquisas em comunidade de trabalho.<\/p>\n<p><strong>Motricidades Ind\u00edgenas<br \/><\/strong>Estudos das Motricidades Ind\u00edgenas: jogos, lutas, dan\u00e7as, festas, cantos, hist\u00f3rias, rituais e cria\u00e7\u00f5es art\u00edsticas com caracter\u00edsticas pr\u00f3prias de povos\/comunidades ind\u00edgenas, que envolvem tradi\u00e7\u00e3o, resist\u00eancia, manuten\u00e7\u00e3o ou transforma\u00e7\u00e3o de tais manifesta\u00e7\u00f5es. A diversidade de experi\u00eancias dessas pr\u00e1ticas configura-se de forma particular tanto na sua execu\u00e7\u00e3o como na sua intencionalidade no processo cotidiano de viver-a-vida, em perspectiva decolonial.<\/p>\n<p><strong>Bem-Viver Interesp\u00e9cie<br \/><\/strong>Refletir, debater, pesquisar o Bem-Viver Interesp\u00e9cies, entendendo-o como an\u00fancio de uma \u00e9tica de solidariedade, empatia e alteridade entre Seres-Humanos e Seres-Animais. Para tal, concebemos a possibilidade da interconex\u00e3o conceitual entre Bem-Viver (uma epistemologia do sul por excel\u00eancia de povos ind\u00edgenas latino-americanos) e os Estudos Cr\u00edticos Animais. Pauta-se tamb\u00e9m nos estudos decoloniais e reconhecemos a pluralidade conceitual e pol\u00edtica no campo de ativismo relacionado a causa animal.<\/p>\n<p style=\"text-align: center;\"><strong><br \/>Participantes NALDEIA<\/strong><\/p>\n<table width=\"462\">\n<tbody>\n<tr>\n<td style=\"text-align: center;\" width=\"254\">\n<p><strong>Nome<\/strong><\/p>\n<\/td>\n<td style=\"text-align: center;\" width=\"208\">\n<p><strong>Povo<\/strong><\/p>\n<\/td>\n<\/tr>\n<tr>\n<td style=\"text-align: center;\" width=\"254\">\n<p>Ana Paula Alves da Silva<\/p>\n<\/td>\n<td style=\"text-align: center;\" width=\"208\">\n<p>Wass\u00fa Cocal<\/p>\n<\/td>\n<\/tr>\n<tr>\n<td style=\"text-align: center;\" width=\"254\">\n<p>Anacleide Assun\u00e7\u00e3o Costa Aguiar<\/p>\n<\/td>\n<td style=\"text-align: center;\" width=\"208\">\n<p>Dessano<\/p>\n<\/td>\n<\/tr>\n<tr>\n<td style=\"text-align: center;\" width=\"254\">\n<p>Benison da Silva Menezes<\/p>\n<\/td>\n<td style=\"text-align: center;\" width=\"208\">\n<p>Tukano<\/p>\n<\/td>\n<\/tr>\n<tr>\n<td style=\"text-align: center;\" width=\"254\">\n<p>Claudiana B. Lopes<\/p>\n<\/td>\n<td style=\"text-align: center;\" width=\"208\">\n<p>Bar\u00e9<\/p>\n<\/td>\n<\/tr>\n<tr>\n<td style=\"text-align: center;\" width=\"254\">\n<p>Denise Aparecida Corr\u00eaa<\/p>\n<\/td>\n<td style=\"text-align: center;\" width=\"208\">\n<p>N\u00e3o Ind\u00edgena<\/p>\n<\/td>\n<\/tr>\n<tr>\n<td style=\"text-align: center;\" width=\"254\">\n<p>Diego A. Juli\u00e3o<\/p>\n<\/td>\n<td style=\"text-align: center;\" width=\"208\">\n<p>Pankararu<\/p>\n<\/td>\n<\/tr>\n<tr>\n<td style=\"text-align: center;\" width=\"254\">\n<p>Elynaide Cinthia da Silva Juli\u00e3o<\/p>\n<\/td>\n<td style=\"text-align: center;\" width=\"208\">\n<p>Pankararu<\/p>\n<\/td>\n<\/tr>\n<tr>\n<td style=\"text-align: center;\" width=\"254\">\n<p>F\u00e1bio Ricardo Mizuno Lemos<\/p>\n<\/td>\n<td style=\"text-align: center;\" width=\"208\">\n<p>N\u00e3o Ind\u00edgena<\/p>\n<\/td>\n<\/tr>\n<tr>\n<td style=\"text-align: center;\" width=\"254\">\n<p>Fagner Santos de Oliveira<\/p>\n<\/td>\n<td style=\"text-align: center;\" width=\"208\">\n<p>Pankararu<\/p>\n<\/td>\n<\/tr>\n<tr>\n<td style=\"text-align: center;\" width=\"254\">\n<p>Francisca Garcia Samias<\/p>\n<\/td>\n<td style=\"text-align: center;\" width=\"208\">\n<p>Kokama<\/p>\n<\/td>\n<\/tr>\n<tr>\n<td style=\"text-align: center;\" width=\"254\">\n<p>Ivanildo da Silva Ferreira<\/p>\n<\/td>\n<td style=\"text-align: center;\" width=\"208\">\n<p>Baniwa<\/p>\n<\/td>\n<\/tr>\n<tr>\n<td style=\"text-align: center;\" width=\"254\">\n<p>Jociel Vasconcelos Araujo<\/p>\n<\/td>\n<td style=\"text-align: center;\" width=\"208\">\n<p>Tariano<\/p>\n<\/td>\n<\/tr>\n<tr>\n<td style=\"text-align: center;\" width=\"254\">\n<p>Jocimara Braz de Ara\u00fajo<\/p>\n<\/td>\n<td style=\"text-align: center;\" width=\"208\">\n<p>Patax\u00f3<\/p>\n<\/td>\n<\/tr>\n<tr>\n<td style=\"text-align: center;\" width=\"254\">\n<p>Jonas Prado Barbosa<\/p>\n<\/td>\n<td style=\"text-align: center;\" width=\"208\">\n<p>Y\u00e9ba-Mahs\u00e3 (Makuna)<\/p>\n<\/td>\n<\/tr>\n<tr>\n<td style=\"text-align: center;\" width=\"254\">\n<p>Josineide Jacilda da Silva<\/p>\n<\/td>\n<td style=\"text-align: center;\" width=\"208\">\n<p>Atikum<\/p>\n<\/td>\n<\/tr>\n<tr>\n<td style=\"text-align: center;\" width=\"254\">\n<p>Kleiton Felipe da Silva<\/p>\n<\/td>\n<td style=\"text-align: center;\" width=\"208\">\n<p>Koripako<\/p>\n<\/td>\n<\/tr>\n<tr>\n<td style=\"text-align: center;\" width=\"254\">\n<p>Luciana Cristina Godoy<\/p>\n<\/td>\n<td style=\"text-align: center;\" width=\"208\">\n<p>N\u00e3o Ind\u00edgena<\/p>\n<\/td>\n<\/tr>\n<tr>\n<td style=\"text-align: center;\" width=\"254\">\n<p>Luiz Gon\u00e7alves Junior<\/p>\n<\/td>\n<td style=\"text-align: center;\" width=\"208\">\n<p>N\u00e3o Ind\u00edgena<\/p>\n<\/td>\n<\/tr>\n<tr>\n<td style=\"text-align: center;\" width=\"254\">\n<p>Marcos Jos\u00e9 de Aquino Pereira<\/p>\n<\/td>\n<td style=\"text-align: center;\" width=\"208\">\n<p>N\u00e3o Ind\u00edgena<\/p>\n<\/td>\n<\/tr>\n<tr>\n<td style=\"text-align: center;\" width=\"254\">\n<p>Maria Auxiliadora Francisco Braz\u00e3o<\/p>\n<\/td>\n<td style=\"text-align: center;\" width=\"208\">\n<p>Baniwa<\/p>\n<\/td>\n<\/tr>\n<tr>\n<td style=\"text-align: center;\" width=\"254\">\n<p>Marli Ramos Monteiro<\/p>\n<\/td>\n<td style=\"text-align: center;\" width=\"208\">\n<p>Tariano<\/p>\n<\/td>\n<\/tr>\n<tr>\n<td style=\"text-align: center;\" width=\"254\">\n<p>Miri\u00e3 Martins de Brito<\/p>\n<\/td>\n<td style=\"text-align: center;\" width=\"208\">\n<p>N\u00e3o Ind\u00edgena<\/p>\n<\/td>\n<\/tr>\n<tr>\n<td style=\"text-align: center;\" width=\"254\">\n<p>Murilo Santos Oliveira<\/p>\n<\/td>\n<td style=\"text-align: center;\" width=\"208\">\n<p>N\u00e3o Ind\u00edgena<\/p>\n<\/td>\n<\/tr>\n<tr>\n<td style=\"text-align: center;\" width=\"254\">\n<p>Otacilio Bolhosa da Costa<\/p>\n<\/td>\n<td style=\"text-align: center;\" width=\"208\">\n<p>Bar\u00e9<\/p>\n<\/td>\n<\/tr>\n<tr>\n<td style=\"text-align: center;\" width=\"254\">\n<p>Samuel Feliciano Pereira<\/p>\n<\/td>\n<td style=\"text-align: center;\" width=\"208\">\n<p>N\u00e3o Ind\u00edgena<\/p>\n<\/td>\n<\/tr>\n<tr>\n<td style=\"text-align: center;\" width=\"254\">\n<p>Sebasti\u00e3o Quintino \u00c1lvares<\/p>\n<\/td>\n<td style=\"text-align: center;\" width=\"208\">\n<p>Wanano<\/p>\n<\/td>\n<\/tr>\n<\/tbody>\n<\/table>\n<p>\u00a0<\/p>\n","protected":false},"excerpt":{"rendered":"<p>N\u00facleo de A\u00e7\u00e3o Libertadora Decolonial e Estudos de Indiagem Abiayala O &#8220;N\u00facleo de A\u00e7\u00e3o Libertadora Decolonial e Estudos de Indiagem Abiayala&#8221; (NALDEIA) iniciou seus trabalhos em junho de 2023 a partir de di\u00e1logos entre Professores\/as e Estudantes Ind\u00edgenas e N\u00e3o Ind\u00edgenas vinculados a Universidade Federal de S\u00e3o Carlos (UFSCar), sobretudo ao Centro de Culturas Ind\u00edgenas&#8230;<\/p>\n","protected":false},"author":1,"featured_media":0,"parent":0,"menu_order":7,"comment_status":"closed","ping_status":"closed","template":"","meta":{"footnotes":""},"class_list":["post-2315","page","type-page","status-publish","hentry"],"yoast_head":"<!-- This site is optimized with the Yoast SEO plugin v27.4 - https:\/\/yoast.com\/product\/yoast-seo-wordpress\/ -->\n<title>NALDEIA -<\/title>\n<meta name=\"robots\" content=\"index, follow, max-snippet:-1, max-image-preview:large, max-video-preview:-1\" \/>\n<link rel=\"canonical\" href=\"https:\/\/www.motricidades.org\/spqmh\/naldeia\/\" \/>\n<meta property=\"og:locale\" content=\"pt_BR\" \/>\n<meta property=\"og:type\" content=\"article\" \/>\n<meta property=\"og:title\" content=\"NALDEIA -\" \/>\n<meta property=\"og:description\" content=\"N\u00facleo de A\u00e7\u00e3o Libertadora Decolonial e Estudos de Indiagem Abiayala O &#8220;N\u00facleo de A\u00e7\u00e3o Libertadora Decolonial e Estudos de Indiagem Abiayala&#8221; (NALDEIA) iniciou seus trabalhos em junho de 2023 a partir de di\u00e1logos entre Professores\/as e Estudantes Ind\u00edgenas e N\u00e3o Ind\u00edgenas vinculados a Universidade Federal de S\u00e3o Carlos (UFSCar), sobretudo ao Centro de Culturas Ind\u00edgenas...\" \/>\n<meta property=\"og:url\" content=\"https:\/\/www.motricidades.org\/spqmh\/naldeia\/\" \/>\n<meta property=\"article:modified_time\" content=\"2023-08-12T12:57:37+00:00\" \/>\n<meta property=\"og:image\" content=\"https:\/\/www.motricidades.org\/spqmh\/wp-content\/uploads\/Logo-NALDEIA-300x298.jpg\" \/>\n<meta name=\"twitter:card\" content=\"summary_large_image\" \/>\n<meta name=\"twitter:label1\" content=\"Est. tempo de leitura\" \/>\n\t<meta name=\"twitter:data1\" content=\"3 minutos\" \/>\n<script type=\"application\/ld+json\" class=\"yoast-schema-graph\">{\"@context\":\"https:\\\/\\\/schema.org\",\"@graph\":[{\"@type\":\"WebPage\",\"@id\":\"https:\\\/\\\/www.motricidades.org\\\/spqmh\\\/naldeia\\\/\",\"url\":\"https:\\\/\\\/www.motricidades.org\\\/spqmh\\\/naldeia\\\/\",\"name\":\"NALDEIA -\",\"isPartOf\":{\"@id\":\"https:\\\/\\\/www.motricidades.org\\\/spqmh\\\/#website\"},\"primaryImageOfPage\":{\"@id\":\"https:\\\/\\\/www.motricidades.org\\\/spqmh\\\/naldeia\\\/#primaryimage\"},\"image\":{\"@id\":\"https:\\\/\\\/www.motricidades.org\\\/spqmh\\\/naldeia\\\/#primaryimage\"},\"thumbnailUrl\":\"https:\\\/\\\/www.motricidades.org\\\/spqmh\\\/wp-content\\\/uploads\\\/Logo-NALDEIA-300x298.jpg\",\"datePublished\":\"2023-08-11T19:21:34+00:00\",\"dateModified\":\"2023-08-12T12:57:37+00:00\",\"breadcrumb\":{\"@id\":\"https:\\\/\\\/www.motricidades.org\\\/spqmh\\\/naldeia\\\/#breadcrumb\"},\"inLanguage\":\"pt-BR\",\"potentialAction\":[{\"@type\":\"ReadAction\",\"target\":[\"https:\\\/\\\/www.motricidades.org\\\/spqmh\\\/naldeia\\\/\"]}]},{\"@type\":\"ImageObject\",\"inLanguage\":\"pt-BR\",\"@id\":\"https:\\\/\\\/www.motricidades.org\\\/spqmh\\\/naldeia\\\/#primaryimage\",\"url\":\"https:\\\/\\\/www.motricidades.org\\\/spqmh\\\/wp-content\\\/uploads\\\/Logo-NALDEIA.jpg\",\"contentUrl\":\"https:\\\/\\\/www.motricidades.org\\\/spqmh\\\/wp-content\\\/uploads\\\/Logo-NALDEIA.jpg\",\"width\":645,\"height\":640},{\"@type\":\"BreadcrumbList\",\"@id\":\"https:\\\/\\\/www.motricidades.org\\\/spqmh\\\/naldeia\\\/#breadcrumb\",\"itemListElement\":[{\"@type\":\"ListItem\",\"position\":1,\"name\":\"In\u00edcio\",\"item\":\"https:\\\/\\\/www.motricidades.org\\\/spqmh\\\/\"},{\"@type\":\"ListItem\",\"position\":2,\"name\":\"NALDEIA\"}]},{\"@type\":\"WebSite\",\"@id\":\"https:\\\/\\\/www.motricidades.org\\\/spqmh\\\/#website\",\"url\":\"https:\\\/\\\/www.motricidades.org\\\/spqmh\\\/\",\"name\":\"\",\"description\":\"SOCIEDADE DE PESQUISA QUALITATIVA EM MOTRICIDADE HUMANA - SPQMH\",\"potentialAction\":[{\"@type\":\"SearchAction\",\"target\":{\"@type\":\"EntryPoint\",\"urlTemplate\":\"https:\\\/\\\/www.motricidades.org\\\/spqmh\\\/?s={search_term_string}\"},\"query-input\":{\"@type\":\"PropertyValueSpecification\",\"valueRequired\":true,\"valueName\":\"search_term_string\"}}],\"inLanguage\":\"pt-BR\"}]}<\/script>\n<!-- \/ Yoast SEO plugin. -->","yoast_head_json":{"title":"NALDEIA -","robots":{"index":"index","follow":"follow","max-snippet":"max-snippet:-1","max-image-preview":"max-image-preview:large","max-video-preview":"max-video-preview:-1"},"canonical":"https:\/\/www.motricidades.org\/spqmh\/naldeia\/","og_locale":"pt_BR","og_type":"article","og_title":"NALDEIA -","og_description":"N\u00facleo de A\u00e7\u00e3o Libertadora Decolonial e Estudos de Indiagem Abiayala O &#8220;N\u00facleo de A\u00e7\u00e3o Libertadora Decolonial e Estudos de Indiagem Abiayala&#8221; (NALDEIA) iniciou seus trabalhos em junho de 2023 a partir de di\u00e1logos entre Professores\/as e Estudantes Ind\u00edgenas e N\u00e3o Ind\u00edgenas vinculados a Universidade Federal de S\u00e3o Carlos (UFSCar), sobretudo ao Centro de Culturas Ind\u00edgenas...","og_url":"https:\/\/www.motricidades.org\/spqmh\/naldeia\/","article_modified_time":"2023-08-12T12:57:37+00:00","og_image":[{"url":"https:\/\/www.motricidades.org\/spqmh\/wp-content\/uploads\/Logo-NALDEIA-300x298.jpg","type":"","width":"","height":""}],"twitter_card":"summary_large_image","twitter_misc":{"Est. tempo de leitura":"3 minutos"},"schema":{"@context":"https:\/\/schema.org","@graph":[{"@type":"WebPage","@id":"https:\/\/www.motricidades.org\/spqmh\/naldeia\/","url":"https:\/\/www.motricidades.org\/spqmh\/naldeia\/","name":"NALDEIA -","isPartOf":{"@id":"https:\/\/www.motricidades.org\/spqmh\/#website"},"primaryImageOfPage":{"@id":"https:\/\/www.motricidades.org\/spqmh\/naldeia\/#primaryimage"},"image":{"@id":"https:\/\/www.motricidades.org\/spqmh\/naldeia\/#primaryimage"},"thumbnailUrl":"https:\/\/www.motricidades.org\/spqmh\/wp-content\/uploads\/Logo-NALDEIA-300x298.jpg","datePublished":"2023-08-11T19:21:34+00:00","dateModified":"2023-08-12T12:57:37+00:00","breadcrumb":{"@id":"https:\/\/www.motricidades.org\/spqmh\/naldeia\/#breadcrumb"},"inLanguage":"pt-BR","potentialAction":[{"@type":"ReadAction","target":["https:\/\/www.motricidades.org\/spqmh\/naldeia\/"]}]},{"@type":"ImageObject","inLanguage":"pt-BR","@id":"https:\/\/www.motricidades.org\/spqmh\/naldeia\/#primaryimage","url":"https:\/\/www.motricidades.org\/spqmh\/wp-content\/uploads\/Logo-NALDEIA.jpg","contentUrl":"https:\/\/www.motricidades.org\/spqmh\/wp-content\/uploads\/Logo-NALDEIA.jpg","width":645,"height":640},{"@type":"BreadcrumbList","@id":"https:\/\/www.motricidades.org\/spqmh\/naldeia\/#breadcrumb","itemListElement":[{"@type":"ListItem","position":1,"name":"In\u00edcio","item":"https:\/\/www.motricidades.org\/spqmh\/"},{"@type":"ListItem","position":2,"name":"NALDEIA"}]},{"@type":"WebSite","@id":"https:\/\/www.motricidades.org\/spqmh\/#website","url":"https:\/\/www.motricidades.org\/spqmh\/","name":"","description":"SOCIEDADE DE PESQUISA QUALITATIVA EM MOTRICIDADE HUMANA - SPQMH","potentialAction":[{"@type":"SearchAction","target":{"@type":"EntryPoint","urlTemplate":"https:\/\/www.motricidades.org\/spqmh\/?s={search_term_string}"},"query-input":{"@type":"PropertyValueSpecification","valueRequired":true,"valueName":"search_term_string"}}],"inLanguage":"pt-BR"}]}},"_links":{"self":[{"href":"https:\/\/www.motricidades.org\/spqmh\/wp-json\/wp\/v2\/pages\/2315","targetHints":{"allow":["GET"]}}],"collection":[{"href":"https:\/\/www.motricidades.org\/spqmh\/wp-json\/wp\/v2\/pages"}],"about":[{"href":"https:\/\/www.motricidades.org\/spqmh\/wp-json\/wp\/v2\/types\/page"}],"author":[{"embeddable":true,"href":"https:\/\/www.motricidades.org\/spqmh\/wp-json\/wp\/v2\/users\/1"}],"replies":[{"embeddable":true,"href":"https:\/\/www.motricidades.org\/spqmh\/wp-json\/wp\/v2\/comments?post=2315"}],"version-history":[{"count":11,"href":"https:\/\/www.motricidades.org\/spqmh\/wp-json\/wp\/v2\/pages\/2315\/revisions"}],"predecessor-version":[{"id":2331,"href":"https:\/\/www.motricidades.org\/spqmh\/wp-json\/wp\/v2\/pages\/2315\/revisions\/2331"}],"wp:attachment":[{"href":"https:\/\/www.motricidades.org\/spqmh\/wp-json\/wp\/v2\/media?parent=2315"}],"curies":[{"name":"wp","href":"https:\/\/api.w.org\/{rel}","templated":true}]}}