{"id":235,"date":"2017-06-25T19:40:50","date_gmt":"2017-06-25T22:40:50","guid":{"rendered":"http:\/\/www.motricidades.org\/spqmh\/?page_id=235"},"modified":"2021-04-30T18:26:30","modified_gmt":"2021-04-30T21:26:30","slug":"maurice-merleau-ponty","status":"publish","type":"page","link":"https:\/\/www.motricidades.org\/spqmh\/biografias\/maurice-merleau-ponty\/","title":{"rendered":"Maurice Merleau-Ponty"},"content":{"rendered":"<p align=\"center\"><img decoding=\"async\" src=\"https:\/\/www.motricidades.org\/spqmh\/wp-content\/uploads\/mponty.jpg\" \/><\/p>\n<p align=\"justify\">Fil\u00f3sofo e psic\u00f3logo, nascido em 14 de mar\u00e7o de 1908, em Rochefort sur Mer, na Fran\u00e7a. Faleceu em 3 de maio de 1961, em Paris, v\u00edtima de embolia. Seu pai, um artilheiro, morreu em 1913, sendo ele, juntamente com seu sua irm\u00e3o e irm\u00e3, criado pela m\u00e3e.<\/p>\n<p class=\"style2\" align=\"justify\">Frequentou em Paris, os Liceus Janson-de-Sailly e Louis-le-Grand, e, em 1926, entrou na \u00c9cole Normale Superieure para estudar filosofia. Foi a\u00ed que conheceu Sartre e Simone de Beauvoir.<\/p>\n<p class=\"style2\" align=\"justify\">Ap\u00f3s graduar-se em filosofia, em 1931, lecionou em v\u00e1rios liceus. Em 1935 regressou \u00e0 \u00c9cole Normal como tutor.<\/p>\n<p class=\"style2\" align=\"justify\">Serviu, durante um ano, como oficial do ex\u00e9rcito franc\u00eas, na II Guerra Mundial. Cat\u00f3lico at\u00e9 1930, mostrou-se desgostoso com muitas das atitudes de elementos da hierarquia da Igreja.<\/p>\n<p class=\"style2\" align=\"justify\">Uma das primeiras publica\u00e7\u00f5es de Merleau-Ponty foi uma recens\u00e3o sobre a obra de Gabriel Marcel &#8220;Ser e Ter&#8221; no Jornal Cat\u00f3lico &#8220;La Vie Intellectuelle&#8221;. Foi neste pensador que Merleau-Ponty busca uma das suas id\u00e9ias base: a de que a nossa subjetividade \u00e9 essencialmente corporal ou encarnada. E tamb\u00e9m recebeu a no\u00e7\u00e3o de filosofia como um saber \u2018concreto\u2019.<\/p>\n<p class=\"style2\" align=\"justify\">Henri Bergson ainda era vivo e publicava os seus escritos quando Merleau-Ponty, ainda jovem, era tutor em 1930. Mais tarde Merleau-Ponty foi eleito para uma cadeira no Coll\u00e9ge de France, e a\u00ed produziu um discurso inaugural com coment\u00e1rios deveras atenciosos para com Bergson. Esse discurso foi mais tarde publicado com o t\u00edtulo de &#8220;Eloge de la Philosophie&#8221; (El\u00f3gio da Filosofia), no qual defende a experi\u00eancia imediata como elemento central do conhecimento.<\/p>\n<p>Merleau-Ponty tomou contato com a Fenomenologia Husserliana atrav\u00e9s do seu Professor na \u00c9cole Normale Sup\u00e9rieure Georges Gurvitch, que em 1929 lecionava a Filosofia Alem\u00e3 Contempor\u00e2nea. O pr\u00f3prio Husserl lecionou nesse mesmo ano na universidade parisiense, aquilo que mais tarde se publicou como &#8220;Meditations Cartesienes&#8221;. Apesar de grandemente influenciado pela obra de Edmund Husserl, Merleau-Ponty avan\u00e7a a teoria do conhecimento intencional fundamentando sua pr\u00f3pria teoria na compreens\u00e3o do corpo-ao-mundo e consequentemente na proposi\u00e7\u00e3o da primazia da percep\u00e7\u00e3o.<\/p>\n<p class=\"style2\" align=\"justify\">Nas li\u00e7\u00f5es do professor Gurvitch, Merleau-Ponty aprendeu tamb\u00e9m a filosofia de Heidegger, e deste reteve a quest\u00e3o da consci\u00eancia. Em sua obra \u00e9 constante a utiliza\u00e7\u00e3o da express\u00e3o &#8220;ser-ao-mendo&#8221;, proveniente da express\u00e3o heideggeriana &#8220;ser-no-mundo&#8221;. O modo como ambos interpretam o lugar da ontologia \u00e9 tamb\u00e9m semelhante.<\/p>\n<p class=\"style2\" align=\"justify\">Merleau-Ponty renovou a sua \u2018aproxima\u00e7\u00e3o\u2019 com Sartre em 1941, quando se juntou a um pequeno grupo da resist\u00eancia chamado Socialismo e Liberdade, a que Sartre j\u00e1 havia pertencido. Esse grupo era para Sartre um grupo de pequenos burgueses intelectuais, entusi\u00e1sticos, mas n\u00e3o coerentes nem din\u00e2micos. A partir daqui, Merleau-Ponty e Sartre tornaram-se mais pr\u00f3ximos, filosoficamente e politicamente. As palavras chave eram: fenomenologia e exist\u00eancia. De 1945 a 1952 foi co-editor (com Jean-Paul Sartre) do jornal &#8220;Les Temps Modernes&#8221;, considerada a mais importante consequ\u00eancia da colabora\u00e7\u00e3o entre eles. O objectivo da revista era publicar artigos de politica, filosofia e literatura. Politicamente, era consensual a id\u00e9ia de acabar com as injusti\u00e7as do nazismo e criar uma sociedade mais humana. Como na \u00e9poca a Uni\u00e3o Sovi\u00e9tica n\u00e3o tinha sido ocupada pelos nazis e tinha uma alternativa de regime pol\u00edtico econ\u00f4mico, estes intelectuais pensaram no comunismo como uma op\u00e7\u00e3o. Foi a\u00ed que Merleau-Ponty se aproximou, mas sempre com reservas, devido aos campos de trabalho sovi\u00e9ticos. &#8220;Humanisme et Terreur&#8221; (Humanismo e Terror) foi um artigo escrito sobre estas quest\u00f5es em &#8220;Les Temps Modernes&#8221;, publicado em 1947. Em 1948, Merleau-Ponty e Sartre ajudaram a fundar um partido pol\u00edtico: o Partido de Renova\u00e7\u00e3o Democr\u00e1tica, que tal como o nome indica, tinha como objetivo criar as condi\u00e7\u00f5es para uma revolu\u00e7\u00e3o socialista na Europa, e que a tornasse na \u2018terceira for\u00e7a\u2019. No artigo de 1950, URSS et les champs, Merleau-Ponty afasta-se e critica o comunismo sovi\u00e9tico. No entanto, isso n\u00e3o significou uma aproxima\u00e7\u00e3o para com os americanos. A guerra da Cor\u00e9ia, em 1950, foi decisiva para Merleau-Ponty, pois viu o imperialismo agressivo dos sovi\u00e9ticos. Ao contr\u00e1rio, Sartre viu essa guerra como um capricho norte-americano que queria manter o seu poder de influ\u00eancia na zona, e por essa raz\u00e3o Sartre manteve-se afeto aos sovi\u00e9ticos. A partir daqui a rela\u00e7\u00e3o de ambos come\u00e7ou a \u2018esfumar-se\u2019. Em uma edi\u00e7\u00e3o de &#8220;Les Temps Modernes&#8221;, com Sartre ausente, Merleau-Ponty tomou uma decis\u00e3o controversa relativamente a um artigo sobre as contradi\u00e7\u00f5es do capitalismo, inserindo nessa edi\u00e7\u00e3o um pref\u00e1cio sobre a falha do autor em n\u00e3o ter referido tamb\u00e9m as contradi\u00e7\u00f5es do socialismo. Sartre, quando voltou, n\u00e3o permitiu que isso acontecesse. E durante 3 anos, a rela\u00e7\u00e3o de ambos esteve ca\u00f3tica. No entanto, ambos se reconciliaram depois de 1956. A diferen\u00e7a fulcral, entre ambos, estava ainda em Sartre manifestar as suas simpatias com o comunismo sovi\u00e9tico, escrevendo artigos: &#8220;Les comunistes el la paix&#8221;, em 1954. Merleau-Ponty respondeu com o seu livro &#8220;Les aventures de la dialetique&#8221;, publicada em 1955. A cr\u00edtica de Merleau-Ponty a Sartre \u00e9 que este deixou de olhar para a evolu\u00e7\u00e3o hist\u00f3rica do conceito de dial\u00e9tica, para olhar apenas o presente comunista. H\u00e1 aqui uma querela entre objetivismo e subjetivismo. Ambos terroristas, para Merleau-Ponty. As criticas de Merleau-Ponty referem-se tamb\u00e9m \u00e0 quest\u00e3o da consci\u00eancia e da hist\u00f3ria, onde ele encontra a contradi\u00e7\u00e3o de Sartre negar a hist\u00f3ria e isso \u00e9, precisamente, anti-marxista.<\/p>\n<p class=\"style2\" align=\"justify\">Em 1945 foi nomeado professor de filosofia da Universidade de Lyon e em 1949 foi chamado a lecionar na Sorbonne, em Paris. Em 1952 ganhou a cadeira de filosofia no Coll\u00e8ge de France.<\/p>\n<p class=\"style2\" align=\"justify\">Entre suas obras destacam-se: &#8220;La Structure du comportement&#8221; (A estrutura do Comportamento), em 1942 e &#8220;Ph\u00e9nom\u00e9nologie de la perception&#8221; (Fenomenologia da Percep\u00e7\u00e3o), em 1945.<\/p>\n<p class=\"style2\" align=\"justify\">&#8220;La Structure du Comportement&#8221;, sua disserta\u00e7\u00e3o de mestrado em 1938, mas apenas publicada em 1942, revela, tal como diz na Introdu\u00e7\u00e3o, a inten\u00e7\u00e3o de estudar as rela\u00e7\u00f5es da consci\u00eancia com a natureza: org\u00e2nica, psicol\u00f3gica e social. A obra \u00e9 claramente uma cr\u00edtica \u00e0 metodologia e aos princ\u00edpios da psicologia cl\u00e1ssica e comportamental (behaviorista). Mas nela podemos encontrar j\u00e1 algumas refer\u00eancias \u00e0 fenomenologia que mais tarde seria anunciada. O m\u00e9todo era analisar o comportamento, e mostrar que ele n\u00e3o se pode reduzir aos movimentos puramente fisiol\u00f3gicos. Vemos ent\u00e3o aparecer no\u00e7\u00f5es essenciais da reflex\u00e3o merleaupontyana, como \u2018forma\u2019, \u2018estrutura\u2019, \u2018inten\u00e7\u00e3o\u2019 e \u2018sentido\u2019.<\/p>\n<p class=\"style2\" align=\"justify\">&#8220;Phenomenologie de la Perception&#8221;, sua tese de doutoramento, publicada em 1945, \u00e9 considerada a sua principal e obra, na qual cr\u00edtica a psicologia cl\u00e1ssica, a fisiologia mecanicista e principalmente o cogito racionalista cartesiano.<\/p>\n<p class=\"style2\" align=\"justify\">Merleau-Ponty publicou tamb\u00e9m as colet\u00e2nea &#8220;Sens et Non-Sens&#8221;, em 1948, e &#8220;Signes&#8221;, em 1960. Em &#8220;Signes&#8221;, aproxima-se do estruturalismo do seu amigo Claude Levi-Strauss, e que mais tarde o aproximou tamb\u00e9m de Ferdind de Sausurre.<\/p>\n<p class=\"style2\" align=\"justify\">Merleau-Ponty morreu repentinamente de embolia a 3 de Maio de 1961, com apenas 53 anos, e no esplendor de sua carreira. Em &#8220;Les Temps Modernes&#8221;, Sartre escreveu um tributo a Merleau-Ponty. &#8220;Merleau-Ponty vivant&#8221;.<\/p>\n<p class=\"style2\" align=\"justify\">Depois da sua morte, foram publicados alguns trabalhos encontrados em meio a seus escritos. Um foi &#8220;La prose du monde&#8221;, que parece ter sido abandonado pelo pr\u00f3prio autor. Tal obra parece querer levar-nos para o mundo da percep\u00e7\u00e3o referido na &#8220;Phenomenologie de la Perception&#8221;, em que a comunica\u00e7\u00e3o e os outros s\u00e3o necess\u00e1rios no caminho para a verdade. Na base do conceito de sujeito encarnado. &#8220;L\u2019Origine de la Verit\u00e9&#8221; \u00e9 outro texto publicado, que nos fala dos fundamentos filos\u00f3ficos da verdade e da intersubjetividade.<\/p>\n<p class=\"style2\" align=\"justify\">Quanto \u00e0 defini\u00e7\u00e3o de filosofia, Merleau-Ponty considera-a uma reflex\u00e3o humana radical sobre a sua pr\u00f3pria situa\u00e7\u00e3o. Sua filosofia revela o ser humano como ser-ao-mundo; a consci\u00eancia (que \u00e9 sempre de alguma coisa) somente \u00e9 percebida pelo corpo em movimento: somos ativos no mundo.<\/p>\n<p class=\"style2\"><strong>Informa\u00e7\u00f5es extra\u00eddas dos sites:<br \/>\n <\/strong>http:\/\/www.cobra.pages.nom.br\/fc-ponty.html<br \/>\n http:\/\/olhaquedois.weblog.com.pt\/arquivo\/157374.html<br \/>\n <strong>Acesso em:<\/strong> 28\/04\/2005<\/p>\n","protected":false},"excerpt":{"rendered":"<p>Fil\u00f3sofo e psic\u00f3logo, nascido em 14 de mar\u00e7o de 1908, em Rochefort sur Mer, na Fran\u00e7a. Faleceu em 3 de maio de 1961, em Paris, v\u00edtima de embolia. Seu pai, um artilheiro, morreu em 1913, sendo ele, juntamente com seu sua irm\u00e3o e irm\u00e3, criado pela m\u00e3e. Frequentou em Paris, os Liceus Janson-de-Sailly e Louis-le-Grand,&#8230;<\/p>\n","protected":false},"author":1,"featured_media":0,"parent":223,"menu_order":6,"comment_status":"closed","ping_status":"closed","template":"","meta":{"footnotes":""},"class_list":["post-235","page","type-page","status-publish","hentry"],"yoast_head":"<!-- This site is optimized with the Yoast SEO plugin v27.4 - https:\/\/yoast.com\/product\/yoast-seo-wordpress\/ -->\n<title>Maurice Merleau-Ponty -<\/title>\n<meta name=\"robots\" content=\"index, follow, max-snippet:-1, max-image-preview:large, max-video-preview:-1\" \/>\n<link rel=\"canonical\" href=\"https:\/\/www.motricidades.org\/spqmh\/biografias\/maurice-merleau-ponty\/\" \/>\n<meta property=\"og:locale\" content=\"pt_BR\" \/>\n<meta property=\"og:type\" content=\"article\" \/>\n<meta property=\"og:title\" content=\"Maurice Merleau-Ponty -\" \/>\n<meta property=\"og:description\" content=\"Fil\u00f3sofo e psic\u00f3logo, nascido em 14 de mar\u00e7o de 1908, em Rochefort sur Mer, na Fran\u00e7a. Faleceu em 3 de maio de 1961, em Paris, v\u00edtima de embolia. Seu pai, um artilheiro, morreu em 1913, sendo ele, juntamente com seu sua irm\u00e3o e irm\u00e3, criado pela m\u00e3e. Frequentou em Paris, os Liceus Janson-de-Sailly e Louis-le-Grand,...\" \/>\n<meta property=\"og:url\" content=\"https:\/\/www.motricidades.org\/spqmh\/biografias\/maurice-merleau-ponty\/\" \/>\n<meta property=\"article:modified_time\" content=\"2021-04-30T21:26:30+00:00\" \/>\n<meta property=\"og:image\" content=\"http:\/\/www.motricidades.org\/spqmh\/wp-content\/uploads\/mponty.jpg\" \/>\n<meta name=\"twitter:card\" content=\"summary_large_image\" \/>\n<meta name=\"twitter:label1\" content=\"Est. tempo de leitura\" \/>\n\t<meta name=\"twitter:data1\" content=\"7 minutos\" \/>\n<script type=\"application\/ld+json\" class=\"yoast-schema-graph\">{\"@context\":\"https:\\\/\\\/schema.org\",\"@graph\":[{\"@type\":\"WebPage\",\"@id\":\"https:\\\/\\\/www.motricidades.org\\\/spqmh\\\/biografias\\\/maurice-merleau-ponty\\\/\",\"url\":\"https:\\\/\\\/www.motricidades.org\\\/spqmh\\\/biografias\\\/maurice-merleau-ponty\\\/\",\"name\":\"Maurice Merleau-Ponty -\",\"isPartOf\":{\"@id\":\"https:\\\/\\\/www.motricidades.org\\\/spqmh\\\/#website\"},\"primaryImageOfPage\":{\"@id\":\"https:\\\/\\\/www.motricidades.org\\\/spqmh\\\/biografias\\\/maurice-merleau-ponty\\\/#primaryimage\"},\"image\":{\"@id\":\"https:\\\/\\\/www.motricidades.org\\\/spqmh\\\/biografias\\\/maurice-merleau-ponty\\\/#primaryimage\"},\"thumbnailUrl\":\"http:\\\/\\\/www.motricidades.org\\\/spqmh\\\/wp-content\\\/uploads\\\/mponty.jpg\",\"datePublished\":\"2017-06-25T22:40:50+00:00\",\"dateModified\":\"2021-04-30T21:26:30+00:00\",\"breadcrumb\":{\"@id\":\"https:\\\/\\\/www.motricidades.org\\\/spqmh\\\/biografias\\\/maurice-merleau-ponty\\\/#breadcrumb\"},\"inLanguage\":\"pt-BR\",\"potentialAction\":[{\"@type\":\"ReadAction\",\"target\":[\"https:\\\/\\\/www.motricidades.org\\\/spqmh\\\/biografias\\\/maurice-merleau-ponty\\\/\"]}]},{\"@type\":\"ImageObject\",\"inLanguage\":\"pt-BR\",\"@id\":\"https:\\\/\\\/www.motricidades.org\\\/spqmh\\\/biografias\\\/maurice-merleau-ponty\\\/#primaryimage\",\"url\":\"http:\\\/\\\/www.motricidades.org\\\/spqmh\\\/wp-content\\\/uploads\\\/mponty.jpg\",\"contentUrl\":\"http:\\\/\\\/www.motricidades.org\\\/spqmh\\\/wp-content\\\/uploads\\\/mponty.jpg\"},{\"@type\":\"BreadcrumbList\",\"@id\":\"https:\\\/\\\/www.motricidades.org\\\/spqmh\\\/biografias\\\/maurice-merleau-ponty\\\/#breadcrumb\",\"itemListElement\":[{\"@type\":\"ListItem\",\"position\":1,\"name\":\"In\u00edcio\",\"item\":\"https:\\\/\\\/www.motricidades.org\\\/spqmh\\\/\"},{\"@type\":\"ListItem\",\"position\":2,\"name\":\"Biografias\",\"item\":\"https:\\\/\\\/www.motricidades.org\\\/spqmh\\\/biografias\\\/\"},{\"@type\":\"ListItem\",\"position\":3,\"name\":\"Maurice Merleau-Ponty\"}]},{\"@type\":\"WebSite\",\"@id\":\"https:\\\/\\\/www.motricidades.org\\\/spqmh\\\/#website\",\"url\":\"https:\\\/\\\/www.motricidades.org\\\/spqmh\\\/\",\"name\":\"\",\"description\":\"SOCIEDADE DE PESQUISA QUALITATIVA EM MOTRICIDADE HUMANA - SPQMH\",\"potentialAction\":[{\"@type\":\"SearchAction\",\"target\":{\"@type\":\"EntryPoint\",\"urlTemplate\":\"https:\\\/\\\/www.motricidades.org\\\/spqmh\\\/?s={search_term_string}\"},\"query-input\":{\"@type\":\"PropertyValueSpecification\",\"valueRequired\":true,\"valueName\":\"search_term_string\"}}],\"inLanguage\":\"pt-BR\"}]}<\/script>\n<!-- \/ Yoast SEO plugin. -->","yoast_head_json":{"title":"Maurice Merleau-Ponty -","robots":{"index":"index","follow":"follow","max-snippet":"max-snippet:-1","max-image-preview":"max-image-preview:large","max-video-preview":"max-video-preview:-1"},"canonical":"https:\/\/www.motricidades.org\/spqmh\/biografias\/maurice-merleau-ponty\/","og_locale":"pt_BR","og_type":"article","og_title":"Maurice Merleau-Ponty -","og_description":"Fil\u00f3sofo e psic\u00f3logo, nascido em 14 de mar\u00e7o de 1908, em Rochefort sur Mer, na Fran\u00e7a. Faleceu em 3 de maio de 1961, em Paris, v\u00edtima de embolia. Seu pai, um artilheiro, morreu em 1913, sendo ele, juntamente com seu sua irm\u00e3o e irm\u00e3, criado pela m\u00e3e. Frequentou em Paris, os Liceus Janson-de-Sailly e Louis-le-Grand,...","og_url":"https:\/\/www.motricidades.org\/spqmh\/biografias\/maurice-merleau-ponty\/","article_modified_time":"2021-04-30T21:26:30+00:00","og_image":[{"url":"http:\/\/www.motricidades.org\/spqmh\/wp-content\/uploads\/mponty.jpg","type":"","width":"","height":""}],"twitter_card":"summary_large_image","twitter_misc":{"Est. tempo de leitura":"7 minutos"},"schema":{"@context":"https:\/\/schema.org","@graph":[{"@type":"WebPage","@id":"https:\/\/www.motricidades.org\/spqmh\/biografias\/maurice-merleau-ponty\/","url":"https:\/\/www.motricidades.org\/spqmh\/biografias\/maurice-merleau-ponty\/","name":"Maurice Merleau-Ponty -","isPartOf":{"@id":"https:\/\/www.motricidades.org\/spqmh\/#website"},"primaryImageOfPage":{"@id":"https:\/\/www.motricidades.org\/spqmh\/biografias\/maurice-merleau-ponty\/#primaryimage"},"image":{"@id":"https:\/\/www.motricidades.org\/spqmh\/biografias\/maurice-merleau-ponty\/#primaryimage"},"thumbnailUrl":"http:\/\/www.motricidades.org\/spqmh\/wp-content\/uploads\/mponty.jpg","datePublished":"2017-06-25T22:40:50+00:00","dateModified":"2021-04-30T21:26:30+00:00","breadcrumb":{"@id":"https:\/\/www.motricidades.org\/spqmh\/biografias\/maurice-merleau-ponty\/#breadcrumb"},"inLanguage":"pt-BR","potentialAction":[{"@type":"ReadAction","target":["https:\/\/www.motricidades.org\/spqmh\/biografias\/maurice-merleau-ponty\/"]}]},{"@type":"ImageObject","inLanguage":"pt-BR","@id":"https:\/\/www.motricidades.org\/spqmh\/biografias\/maurice-merleau-ponty\/#primaryimage","url":"http:\/\/www.motricidades.org\/spqmh\/wp-content\/uploads\/mponty.jpg","contentUrl":"http:\/\/www.motricidades.org\/spqmh\/wp-content\/uploads\/mponty.jpg"},{"@type":"BreadcrumbList","@id":"https:\/\/www.motricidades.org\/spqmh\/biografias\/maurice-merleau-ponty\/#breadcrumb","itemListElement":[{"@type":"ListItem","position":1,"name":"In\u00edcio","item":"https:\/\/www.motricidades.org\/spqmh\/"},{"@type":"ListItem","position":2,"name":"Biografias","item":"https:\/\/www.motricidades.org\/spqmh\/biografias\/"},{"@type":"ListItem","position":3,"name":"Maurice Merleau-Ponty"}]},{"@type":"WebSite","@id":"https:\/\/www.motricidades.org\/spqmh\/#website","url":"https:\/\/www.motricidades.org\/spqmh\/","name":"","description":"SOCIEDADE DE PESQUISA QUALITATIVA EM MOTRICIDADE HUMANA - SPQMH","potentialAction":[{"@type":"SearchAction","target":{"@type":"EntryPoint","urlTemplate":"https:\/\/www.motricidades.org\/spqmh\/?s={search_term_string}"},"query-input":{"@type":"PropertyValueSpecification","valueRequired":true,"valueName":"search_term_string"}}],"inLanguage":"pt-BR"}]}},"_links":{"self":[{"href":"https:\/\/www.motricidades.org\/spqmh\/wp-json\/wp\/v2\/pages\/235","targetHints":{"allow":["GET"]}}],"collection":[{"href":"https:\/\/www.motricidades.org\/spqmh\/wp-json\/wp\/v2\/pages"}],"about":[{"href":"https:\/\/www.motricidades.org\/spqmh\/wp-json\/wp\/v2\/types\/page"}],"author":[{"embeddable":true,"href":"https:\/\/www.motricidades.org\/spqmh\/wp-json\/wp\/v2\/users\/1"}],"replies":[{"embeddable":true,"href":"https:\/\/www.motricidades.org\/spqmh\/wp-json\/wp\/v2\/comments?post=235"}],"version-history":[{"count":3,"href":"https:\/\/www.motricidades.org\/spqmh\/wp-json\/wp\/v2\/pages\/235\/revisions"}],"predecessor-version":[{"id":352,"href":"https:\/\/www.motricidades.org\/spqmh\/wp-json\/wp\/v2\/pages\/235\/revisions\/352"}],"up":[{"embeddable":true,"href":"https:\/\/www.motricidades.org\/spqmh\/wp-json\/wp\/v2\/pages\/223"}],"wp:attachment":[{"href":"https:\/\/www.motricidades.org\/spqmh\/wp-json\/wp\/v2\/media?parent=235"}],"curies":[{"name":"wp","href":"https:\/\/api.w.org\/{rel}","templated":true}]}}